{"id":25018,"date":"2021-01-14T09:02:00","date_gmt":"2021-01-14T15:02:00","guid":{"rendered":"https:\/\/accesolatino.org\/?page_id=25018"},"modified":"2025-10-16T15:09:15","modified_gmt":"2025-10-16T21:09:15","slug":"cursos-que-imparte-salud-digital-para-el-tratamiento-de-covid","status":"publish","type":"page","link":"https:\/\/accesolatino.org\/en\/salud\/cursos-que-imparte-salud-digital-para-el-tratamiento-de-covid\/","title":{"rendered":"Cursos para el tratamiento de COVID-19 &#8211; impartidos por Salud Digital"},"content":{"rendered":"<div data-elementor-type=\"wp-post\" data-elementor-id=\"25018\" class=\"elementor elementor-25018\">\n\t\t\t\t\t\t<section class=\"elementor-section elementor-top-section elementor-element elementor-element-7a18414 elementor-section-full_width elementor-section-height-min-height elementor-section-items-stretch elementor-section-height-default wpr-particle-no wpr-jarallax-no wpr-parallax-no wpr-sticky-section-no wpr-equal-height-no\" data-id=\"7a18414\" data-element_type=\"section\" data-e-type=\"section\" data-settings=\"{&quot;background_background&quot;:&quot;classic&quot;}\">\n\t\t\t\t\t\t<div class=\"elementor-container elementor-column-gap-no\">\n\t\t\t\t\t<div class=\"elementor-column elementor-col-100 elementor-top-column elementor-element elementor-element-752c892\" data-id=\"752c892\" data-element_type=\"column\" data-e-type=\"column\">\n\t\t\t<div class=\"elementor-widget-wrap elementor-element-populated\">\n\t\t\t\t\t\t<div class=\"elementor-element elementor-element-d48fdfb elementor--h-position-center elementor--v-position-middle elementor-widget elementor-widget-slides\" data-id=\"d48fdfb\" data-element_type=\"widget\" data-e-type=\"widget\" data-settings=\"{&quot;navigation&quot;:&quot;none&quot;,&quot;infinite&quot;:&quot;yes&quot;,&quot;transition&quot;:&quot;slide&quot;,&quot;transition_speed&quot;:500}\" data-widget_type=\"slides.default\">\n\t\t\t\t<div class=\"elementor-widget-container\">\n\t\t\t\t\t\t\t<div class=\"elementor-swiper\">\n\t\t\t<div class=\"elementor-slides-wrapper elementor-main-swiper swiper-container\" dir=\"ltr\" data-animation=\"\">\n\t\t\t\t<div class=\"swiper-wrapper elementor-slides\">\n\t\t\t\t\t\t\t\t\t\t<div class=\"elementor-repeater-item-d983a28 swiper-slide\"><div class=\"swiper-slide-bg\"><\/div><div class=\"swiper-slide-inner\" ><div class=\"swiper-slide-contents\"><div class=\"elementor-slide-heading\">Health<\/div><\/div><\/div><\/div>\t\t\t\t<\/div>\n\t\t\t\t\t\t\t<\/div>\n\t\t<\/div>\n\t\t\t\t\t\t<\/div>\n\t\t\t\t<\/div>\n\t\t\t\t\t<\/div>\n\t\t<\/div>\n\t\t\t\t\t<\/div>\n\t\t<\/section>\n\t\t\t\t<section class=\"elementor-section elementor-top-section elementor-element elementor-element-2a66479 elementor-section-stretched elementor-section-boxed elementor-section-height-default elementor-section-height-default wpr-particle-no wpr-jarallax-no wpr-parallax-no wpr-sticky-section-no wpr-equal-height-no\" data-id=\"2a66479\" data-element_type=\"section\" data-e-type=\"section\" data-settings=\"{&quot;stretch_section&quot;:&quot;section-stretched&quot;,&quot;background_background&quot;:&quot;classic&quot;}\">\n\t\t\t\t\t\t<div class=\"elementor-container elementor-column-gap-default\">\n\t\t\t\t\t<div class=\"elementor-column elementor-col-100 elementor-top-column elementor-element elementor-element-a7fd8e4\" data-id=\"a7fd8e4\" data-element_type=\"column\" data-e-type=\"column\">\n\t\t\t<div class=\"elementor-widget-wrap elementor-element-populated\">\n\t\t\t\t\t\t<div class=\"elementor-element elementor-element-46daef9 elementor-widget elementor-widget-heading\" data-id=\"46daef9\" data-element_type=\"widget\" data-e-type=\"widget\" data-widget_type=\"heading.default\">\n\t\t\t\t<div class=\"elementor-widget-container\">\n\t\t\t\t\t<h3 class=\"elementor-heading-title elementor-size-default\">Learn about the courses offered by Salud Digital for the treatment of COVID-19<\/h3>\t\t\t\t<\/div>\n\t\t\t\t<\/div>\n\t\t\t\t<div class=\"elementor-element elementor-element-e48b740 elementor-widget elementor-widget-text-editor\" data-id=\"e48b740\" data-element_type=\"widget\" data-e-type=\"widget\" data-widget_type=\"text-editor.default\">\n\t\t\t\t<div class=\"elementor-widget-container\">\n\t\t\t\t\t\t\t\t\t<p align=\"justify\"><span style=\"font-family: Arial, serif;\"><span style=\"font-size: medium;\"><b>Acceso Latino <\/b><\/span><\/span><span style=\"font-family: Arial, serif;\"><span style=\"font-size: medium;\">en su secci\u00f3n <\/span><\/span><span style=\"color: #0563c1;\"><u><a href=\"https:\/\/accesolatino.org\/en\/salud\/\"><span style=\"font-family: Arial, serif;\"><span style=\"font-size: medium;\">Health<\/span><\/span><\/a><\/u><\/span><span style=\"font-family: Arial, serif;\"><span style=\"font-size: medium;\">, te presenta los cursos para profesionales de la salud que imparte Salud Digital de Fundaci\u00f3n Carlos Slim, para el tratamiento de COVID-19. <\/span><\/span><\/p><p align=\"justify\"><span style=\"font-family: Arial, serif;\"><span style=\"font-size: medium;\">Conoce cu\u00e1les son:<\/span><\/span><\/p><p align=\"justify\"><span style=\"font-family: Arial, serif;\"><span style=\"font-size: medium;\"><b>Fundamentos de Terapia Respiratoria en \u00c9poca de COVID<\/b><\/span><\/span><span style=\"font-family: Arial, serif;\"><span style=\"font-size: medium;\">: <\/span><\/span><\/p><p align=\"justify\"><span style=\"font-family: Arial, serif;\"><span style=\"font-size: medium;\">Se trata del curso Terapia Respiratoria, impartido por el Instituto Nacional de Ciencias M\u00e9dicas y Nutrici\u00f3n Salvador Zubir\u00e1n y Fundaci\u00f3n Carlos Slim, el cual est\u00e1 enfocado en combinar la tecnolog\u00eda y la educaci\u00f3n para el tratamiento del paciente con afecciones respiratorias. Para tomarlo, es necesario iniciar sesi\u00f3n en la plataforma.<\/span><\/span><\/p><p align=\"justify\"><span style=\"font-family: Arial, serif;\"><span style=\"font-size: medium;\"><b>Conceptos Generales:<\/b><\/span><\/span><\/p><p align=\"justify\"><span style=\"font-family: Arial, serif;\"><span style=\"font-size: medium;\">Instituto Mexicano del Seguro Social: <\/span><\/span><\/p><ul><li><span style=\"font-family: Arial, serif;\"><span style=\"font-size: medium;\"><u>Todo sobre la prevenci\u00f3n del COVID-19<\/u><\/span><\/span><\/li><li><span style=\"font-family: Arial, serif;\"><span style=\"font-size: medium;\"><u>Plan de acci\u00f3n para el hogar ante COVID-19<\/u><\/span><\/span><\/li><\/ul><p align=\"justify\"><span style=\"font-family: Arial, serif;\"><span style=\"font-size: medium;\">The London School of Hygine and Tropical Medicine:<\/span><\/span><\/p><ul><li><span style=\"font-family: Arial, serif;\"><span style=\"font-size: medium;\"><i><u>COVID-19: Tackling the Novel Coronavirus<\/u><\/i><\/span><\/span><\/li><\/ul><p align=\"justify\"><span style=\"font-family: Arial, serif;\"><span style=\"font-size: medium;\">Universidad Johns Hopkins: <\/span><\/span><\/p><ul><li><span style=\"font-family: Arial, serif;\"><span style=\"font-size: medium;\"><i><u>COVID-19: Epidemiological Contact Tracing<\/u><\/i><\/span><\/span><\/li><\/ul><p align=\"justify\"><span style=\"font-family: Arial, serif;\"><span style=\"font-size: medium;\"><b>Para el Cuidado de la Salud Mental: <\/b><\/span><\/span><\/p><p align=\"justify\"><span style=\"font-family: Arial, serif;\"><span style=\"font-size: medium;\">Universidad Aut\u00f3noma de Barcelona.<\/span><\/span><\/p><ul><li><span style=\"font-family: Arial, serif;\"><span style=\"font-size: medium;\"><u>Primeros Auxilios Psicol\u00f3gicos Edici\u00f3n COVID<\/u><\/span><\/span><\/li><\/ul><p align=\"justify\"><span style=\"font-family: Arial, serif;\"><span style=\"font-size: medium;\">Secretar\u00eda de Salud: <\/span><\/span><\/p><ul><li><span style=\"font-family: Arial, serif;\"><span style=\"font-size: medium;\"><u>Salud Mental durante la Pandemia COVID-19<\/u><\/span><\/span><\/li><\/ul><p align=\"justify\"><span style=\"font-family: Arial, serif;\"><span style=\"font-size: medium;\">Universidad de Toronto: <\/span><\/span><\/p><ul><li><span style=\"font-family: Arial, serif;\"><span style=\"font-size: medium;\"><i><u>Mind Control: Managing your mental health during COVID-19 Pandemic<\/u><\/i><\/span><\/span><\/li><\/ul><p align=\"justify\"><span style=\"font-family: Arial, serif;\"><span style=\"font-size: medium;\"><b>Atenci\u00f3n Hospitalaria: <\/b><\/span><\/span><\/p><p align=\"justify\"><span style=\"font-family: Arial, serif;\"><span style=\"font-size: medium;\">Pontificia Universidad Javeriana de Bogot\u00e1: <\/span><\/span><\/p><ul><li><span style=\"font-family: Arial, serif;\"><span style=\"font-size: medium;\"><u>COVID-19: Ventilaci\u00f3n mec\u00e1nica para no intensivistas<\/u><\/span><\/span><\/li><li><span style=\"font-family: Arial, serif;\"><span style=\"font-size: medium;\"><u>COVID &#8211; 19: Abordaje inicial del paciente con infecci\u00f3n por COVID-19<\/u><\/span><\/span><\/li><\/ul><p align=\"justify\"><span style=\"font-family: Arial, serif;\"><span style=\"font-size: medium;\">Sociedad de Medicina Intensiva de la Comunidad de Madrid: <\/span><\/span><\/p><ul><li><span style=\"font-family: Arial, serif;\"><span style=\"font-size: medium;\"><u>Curso B\u00e1sico de Ventilaci\u00f3n Mec\u00e1nica para COVID-19<\/u><\/span><\/span><\/li><\/ul><p align=\"justify\"><span style=\"font-family: Arial, serif;\"><span style=\"font-size: medium;\">Sociedad Mexicana de Medicina de Emergencia: <\/span><\/span><\/p><ul><li><span style=\"font-family: Arial, serif;\"><span style=\"font-size: medium;\"><u>Ventilaci\u00f3n Mec\u00e1nica en COVID-19<\/u><\/span><\/span><\/li><\/ul><p align=\"justify\"><span style=\"font-family: Arial, serif;\"><span style=\"font-size: medium;\">Instituto Nacional de Enfermedades Respiratorias: <\/span><\/span><\/p><ul><li><span style=\"font-family: Arial, serif;\"><span style=\"font-size: medium;\"><u>Higiene de manos y equipo de protecci\u00f3n personal basado en agente etiol\u00f3gico, con \u00e9nfasis especial en SARS-CoV-2<\/u><\/span><\/span><\/li><li><span style=\"font-family: Arial, serif;\"><span style=\"font-size: medium;\"><u>Curso Informativo para capacitadores respecto COVID-19 por SARS-CoV-2 <\/u><\/span><\/span><\/li><li><span style=\"font-family: Arial, serif;\"><span style=\"font-size: medium;\"><u>Gu\u00eda demostrativa sobre la colocaci\u00f3n y retiro del Equipo de Protecci\u00f3n Personal<\/u><\/span><\/span><\/li><\/ul><p align=\"justify\"><span style=\"font-family: Arial, serif;\"><span style=\"font-size: medium;\">Diversas instituciones de salud mexicanas: <\/span><\/span><\/p><ul><li><span style=\"font-family: Arial, serif;\"><span style=\"font-size: medium;\"><u>Entrenamiento UTI<\/u><\/span><\/span><span style=\"font-family: Arial, serif;\"><span style=\"font-size: medium;\">: <\/span><\/span><\/li><\/ul><p align=\"justify\"><span style=\"font-family: Arial, serif;\"><span style=\"font-size: medium;\"><b>Atenci\u00f3n Ambulatoria:<\/b><\/span><\/span><\/p><p align=\"justify\"><span style=\"font-family: Arial, serif;\"><span style=\"font-size: medium;\">Pontificia Universidad Javeriana de Bogot\u00e1: <\/span><\/span><\/p><ul><li><span style=\"font-family: Arial, serif;\"><span style=\"font-size: medium;\"><u>COVID-19: Comunicarnos sin da\u00f1o durante la pandemia<\/u><\/span><\/span><\/li><\/ul><p align=\"justify\"><span style=\"font-family: Arial, serif;\"><span style=\"font-size: medium;\">Organizaci\u00f3n Mundial de la Salud: <\/span><\/span><\/p><ul><li><span style=\"font-family: Arial, serif;\"><span style=\"font-size: medium;\"><u>ePROTECT: Infecciones Respiratorias<\/u><\/span><\/span><\/li><li><span style=\"font-family: Arial, serif;\"><span style=\"font-size: medium;\"><u>Nuevos virus respiratorios, incluido el COVID-19: m\u00e9todos de detecci\u00f3n, prevenci\u00f3n, respuesta y control<\/u><\/span><\/span><\/li><li><span style=\"font-family: Arial, serif;\"><span style=\"font-size: medium;\"><u>Prevenci\u00f3n y Control de Infecciones (PCI) Causadas por el Nuevo Coronavirus <\/u><\/span><\/span><\/li><\/ul><p align=\"justify\"><span style=\"font-family: Arial, serif;\"><span style=\"font-size: medium;\">Salusone: <\/span><\/span><\/p><ul><li><span style=\"font-family: Arial, serif;\"><span style=\"font-size: medium;\"><u>COVID-19: Patogenia, Comunicaci\u00f3n y Tratamiento <\/u><\/span><\/span><\/li><\/ul><p align=\"justify\"><span style=\"font-family: Arial, serif;\"><span style=\"font-size: medium;\">Secretar\u00eda de Salud: <\/span><\/span><\/p><ul><li><span style=\"font-family: Arial, serif;\"><span style=\"font-size: medium;\"><u>Programa de Capacitaci\u00f3n en Infecci\u00f3n por SARS-CoV-2 en Atenci\u00f3n Primaria de Salud<\/u><\/span><\/span><\/li><\/ul><p align=\"justify\"><span style=\"font-family: Arial, serif;\"><span style=\"font-size: medium;\">Ten en cuenta que para algunos de estos cursos debes inscribirte en las diferentes plataformas de las entidades educativas para poder acceder a ellos.<\/span><\/span><\/p>\t\t\t\t\t\t\t\t<\/div>\n\t\t\t\t<\/div>\n\t\t\t\t<div class=\"elementor-element elementor-element-de3542f elementor-widget elementor-widget-spacer\" data-id=\"de3542f\" data-element_type=\"widget\" data-e-type=\"widget\" data-widget_type=\"spacer.default\">\n\t\t\t\t<div class=\"elementor-widget-container\">\n\t\t\t\t\t\t\t<div class=\"elementor-spacer\">\n\t\t\t<div class=\"elementor-spacer-inner\"><\/div>\n\t\t<\/div>\n\t\t\t\t\t\t<\/div>\n\t\t\t\t<\/div>\n\t\t\t\t\t<\/div>\n\t\t<\/div>\n\t\t\t\t\t<\/div>\n\t\t<\/section>\n\t\t\t\t<\/div>","protected":false},"excerpt":{"rendered":"<p>Salud Conoce los cursos que imparte Salud Digital para el tratamiento de COVID-19 Acceso Latino en su secci\u00f3n Salud, te presenta los cursos para profesionales de la salud que imparte Salud Digital de Fundaci\u00f3n Carlos Slim, para el tratamiento de COVID-19. Conoce cu\u00e1les son: Fundamentos de Terapia Respiratoria en \u00c9poca de COVID: Se trata del curso Terapia Respiratoria, impartido por el Instituto Nacional de Ciencias M\u00e9dicas y Nutrici\u00f3n Salvador Zubir\u00e1n y Fundaci\u00f3n Carlos Slim, el cual est\u00e1 enfocado en combinar la tecnolog\u00eda y la educaci\u00f3n para el tratamiento del paciente con afecciones respiratorias. Para tomarlo, es necesario iniciar sesi\u00f3n en la plataforma. Conceptos Generales: Instituto Mexicano del Seguro Social: Todo sobre la prevenci\u00f3n del COVID-19 Plan de acci\u00f3n para el hogar ante COVID-19 The London School of Hygine and Tropical Medicine: COVID-19: Tackling the Novel Coronavirus Universidad Johns Hopkins: COVID-19: Epidemiological Contact Tracing Para el Cuidado de la Salud Mental: Universidad Aut\u00f3noma de Barcelona. Primeros Auxilios Psicol\u00f3gicos Edici\u00f3n COVID Secretar\u00eda de Salud: Salud Mental durante la Pandemia COVID-19 Universidad de Toronto: Mind Control: Managing your mental health during COVID-19 Pandemic Atenci\u00f3n Hospitalaria: Pontificia Universidad Javeriana de Bogot\u00e1: COVID-19: Ventilaci\u00f3n mec\u00e1nica para no intensivistas COVID &#8211; 19: Abordaje inicial del paciente con infecci\u00f3n por COVID-19 Sociedad de Medicina Intensiva de la Comunidad de Madrid: Curso B\u00e1sico de Ventilaci\u00f3n Mec\u00e1nica para COVID-19 Sociedad Mexicana de Medicina de Emergencia: Ventilaci\u00f3n Mec\u00e1nica en COVID-19 Instituto Nacional de Enfermedades Respiratorias: Higiene de manos y equipo de protecci\u00f3n personal basado en agente etiol\u00f3gico, con \u00e9nfasis especial en SARS-CoV-2 Curso Informativo para capacitadores respecto COVID-19 por SARS-CoV-2 Gu\u00eda demostrativa sobre la colocaci\u00f3n y retiro del Equipo de Protecci\u00f3n Personal Diversas instituciones de salud mexicanas: Entrenamiento UTI: Atenci\u00f3n Ambulatoria: Pontificia Universidad Javeriana de Bogot\u00e1: COVID-19: Comunicarnos sin da\u00f1o durante la pandemia Organizaci\u00f3n Mundial de la Salud: ePROTECT: Infecciones Respiratorias Nuevos virus respiratorios, incluido el COVID-19: m\u00e9todos de detecci\u00f3n, prevenci\u00f3n, respuesta y control Prevenci\u00f3n y Control de Infecciones (PCI) Causadas por el Nuevo Coronavirus Salusone: COVID-19: Patogenia, Comunicaci\u00f3n y Tratamiento Secretar\u00eda de Salud: Programa de Capacitaci\u00f3n en Infecci\u00f3n por SARS-CoV-2 en Atenci\u00f3n Primaria de Salud Ten en cuenta que para algunos de estos cursos debes inscribirte en las diferentes plataformas de las entidades educativas para poder acceder a ellos.<\/p>","protected":false},"author":4,"featured_media":25019,"parent":4668,"menu_order":0,"comment_status":"closed","ping_status":"closed","template":"elementor_header_footer","meta":{"_uf_show_specific_survey":0,"_uf_disable_surveys":false,"footnotes":""},"class_list":["post-25018","page","type-page","status-publish","has-post-thumbnail"],"aioseo_notices":[],"yoast_head":"<!-- This site is optimized with the Yoast SEO plugin v27.4 - https:\/\/yoast.com\/product\/yoast-seo-wordpress\/ -->\n<title>Cursos para el tratamiento de COVID-19 - impartidos por Salud Digital<\/title>\n<meta name=\"description\" content=\"Conoce tus derechos y lo que Estados Unidos tiene para ofrecer a los migrantes en materia de Salud - Acceso Latino\" \/>\n<meta name=\"robots\" content=\"index, follow, max-snippet:-1, max-image-preview:large, max-video-preview:-1\" \/>\n<link rel=\"canonical\" href=\"https:\/\/accesolatino.org\/en\/salud\/cursos-que-imparte-salud-digital-para-el-tratamiento-de-covid\/\" \/>\n<meta property=\"og:locale\" content=\"en_US\" \/>\n<meta property=\"og:type\" content=\"article\" \/>\n<meta property=\"og:title\" content=\"Acceso Latino | Cursos para el tratamiento de COVID-19 - impartidos por Salud Digital\" \/>\n<meta property=\"og:description\" content=\"Conoce todo lo que Estados Unidos tiene para ofrecer a los migrantes en materia de Salud\" \/>\n<meta property=\"og:url\" content=\"https:\/\/accesolatino.org\/en\/salud\/cursos-que-imparte-salud-digital-para-el-tratamiento-de-covid\/\" \/>\n<meta property=\"og:site_name\" content=\"Acceso Latino\" \/>\n<meta property=\"article:publisher\" content=\"https:\/\/www.facebook.com\/AccesoLatinoOrg\" \/>\n<meta property=\"article:modified_time\" content=\"2025-10-16T21:09:15+00:00\" \/>\n<meta property=\"og:image\" content=\"https:\/\/accesolatino.org\/wp-content\/uploads\/2021\/01\/Conoce-los-cursos-que-imparte-Salud-Digital-para-el-tratamiento-de-COVID-19.png\" \/>\n\t<meta property=\"og:image:width\" content=\"600\" \/>\n\t<meta property=\"og:image:height\" content=\"338\" \/>\n\t<meta property=\"og:image:type\" content=\"image\/png\" \/>\n<meta name=\"twitter:card\" content=\"summary_large_image\" \/>\n<meta name=\"twitter:title\" content=\"Acceso Latino | Cursos para el tratamiento de COVID-19 - impartidos por Salud Digital\" \/>\n<meta name=\"twitter:description\" content=\"Conoce todo lo que Estados Unidos tiene para ofrecer a los migrantes en materia de Salud\" \/>\n<meta name=\"twitter:image\" content=\"https:\/\/accesolatino.org\/wp-content\/uploads\/2021\/01\/Conoce-los-cursos-que-imparte-Salud-Digital-para-el-tratamiento-de-COVID-19.png\" \/>\n<meta name=\"twitter:site\" content=\"@FAccLatino\" \/>\n<meta name=\"twitter:label1\" content=\"Est. reading time\" \/>\n\t<meta name=\"twitter:data1\" content=\"2 minutes\" \/>\n<script type=\"application\/ld+json\" class=\"yoast-schema-graph\">{\"@context\":\"https:\\\/\\\/schema.org\",\"@graph\":[{\"@type\":\"WebPage\",\"@id\":\"https:\\\/\\\/accesolatino.org\\\/salud\\\/cursos-que-imparte-salud-digital-para-el-tratamiento-de-covid\\\/\",\"url\":\"https:\\\/\\\/accesolatino.org\\\/salud\\\/cursos-que-imparte-salud-digital-para-el-tratamiento-de-covid\\\/\",\"name\":\"Cursos para el tratamiento de COVID-19 - impartidos por Salud Digital\",\"isPartOf\":{\"@id\":\"https:\\\/\\\/accesolatino.org\\\/#website\"},\"primaryImageOfPage\":{\"@id\":\"https:\\\/\\\/accesolatino.org\\\/salud\\\/cursos-que-imparte-salud-digital-para-el-tratamiento-de-covid\\\/#primaryimage\"},\"image\":{\"@id\":\"https:\\\/\\\/accesolatino.org\\\/salud\\\/cursos-que-imparte-salud-digital-para-el-tratamiento-de-covid\\\/#primaryimage\"},\"thumbnailUrl\":\"https:\\\/\\\/accesolatino.org\\\/wp-content\\\/uploads\\\/2021\\\/01\\\/Conoce-los-cursos-que-imparte-Salud-Digital-para-el-tratamiento-de-COVID-19.png\",\"datePublished\":\"2021-01-14T15:02:00+00:00\",\"dateModified\":\"2025-10-16T21:09:15+00:00\",\"description\":\"Conoce tus derechos y lo que Estados Unidos tiene para ofrecer a los migrantes en materia de Salud - Acceso Latino\",\"breadcrumb\":{\"@id\":\"https:\\\/\\\/accesolatino.org\\\/salud\\\/cursos-que-imparte-salud-digital-para-el-tratamiento-de-covid\\\/#breadcrumb\"},\"inLanguage\":\"en-US\",\"potentialAction\":[{\"@type\":\"ReadAction\",\"target\":[\"https:\\\/\\\/accesolatino.org\\\/salud\\\/cursos-que-imparte-salud-digital-para-el-tratamiento-de-covid\\\/\"]}]},{\"@type\":\"ImageObject\",\"inLanguage\":\"en-US\",\"@id\":\"https:\\\/\\\/accesolatino.org\\\/salud\\\/cursos-que-imparte-salud-digital-para-el-tratamiento-de-covid\\\/#primaryimage\",\"url\":\"https:\\\/\\\/accesolatino.org\\\/wp-content\\\/uploads\\\/2021\\\/01\\\/Conoce-los-cursos-que-imparte-Salud-Digital-para-el-tratamiento-de-COVID-19.png\",\"contentUrl\":\"https:\\\/\\\/accesolatino.org\\\/wp-content\\\/uploads\\\/2021\\\/01\\\/Conoce-los-cursos-que-imparte-Salud-Digital-para-el-tratamiento-de-COVID-19.png\",\"width\":600,\"height\":338,\"caption\":\"cursos\"},{\"@type\":\"BreadcrumbList\",\"@id\":\"https:\\\/\\\/accesolatino.org\\\/salud\\\/cursos-que-imparte-salud-digital-para-el-tratamiento-de-covid\\\/#breadcrumb\",\"itemListElement\":[{\"@type\":\"ListItem\",\"position\":1,\"name\":\"Portada\",\"item\":\"https:\\\/\\\/accesolatino.org\\\/\"},{\"@type\":\"ListItem\",\"position\":2,\"name\":\"Salud\",\"item\":\"https:\\\/\\\/accesolatino.org\\\/salud\\\/\"},{\"@type\":\"ListItem\",\"position\":3,\"name\":\"Cursos para el tratamiento de COVID-19 &#8211; impartidos por Salud Digital\"}]},{\"@type\":\"WebSite\",\"@id\":\"https:\\\/\\\/accesolatino.org\\\/#website\",\"url\":\"https:\\\/\\\/accesolatino.org\\\/\",\"name\":\"Acceso Latino | Fundaci\u00f3n Carlos Slim\",\"description\":\"Fundaci\u00f3n Carlos Slim\",\"publisher\":{\"@id\":\"https:\\\/\\\/accesolatino.org\\\/#organization\"},\"potentialAction\":[{\"@type\":\"SearchAction\",\"target\":{\"@type\":\"EntryPoint\",\"urlTemplate\":\"https:\\\/\\\/accesolatino.org\\\/?s={search_term_string}\"},\"query-input\":{\"@type\":\"PropertyValueSpecification\",\"valueRequired\":true,\"valueName\":\"search_term_string\"}}],\"inLanguage\":\"en-US\"},{\"@type\":\"Organization\",\"@id\":\"https:\\\/\\\/accesolatino.org\\\/#organization\",\"name\":\"Acceso Latino | Fundaci\u00f3n Carlos Slim\",\"url\":\"https:\\\/\\\/accesolatino.org\\\/\",\"logo\":{\"@type\":\"ImageObject\",\"inLanguage\":\"en-US\",\"@id\":\"https:\\\/\\\/accesolatino.org\\\/#\\\/schema\\\/logo\\\/image\\\/\",\"url\":\"https:\\\/\\\/accesolatino.org\\\/wp-content\\\/uploads\\\/2021\\\/02\\\/logo-footer-acceso-latino.png\",\"contentUrl\":\"https:\\\/\\\/accesolatino.org\\\/wp-content\\\/uploads\\\/2021\\\/02\\\/logo-footer-acceso-latino.png\",\"width\":240,\"height\":40,\"caption\":\"Acceso Latino | Fundaci\u00f3n Carlos Slim\"},\"image\":{\"@id\":\"https:\\\/\\\/accesolatino.org\\\/#\\\/schema\\\/logo\\\/image\\\/\"},\"sameAs\":[\"https:\\\/\\\/www.facebook.com\\\/AccesoLatinoOrg\",\"https:\\\/\\\/x.com\\\/FAccLatino\"]}]}<\/script>\n<!-- \/ Yoast SEO plugin. -->","yoast_head_json":{"title":"Cursos para el tratamiento de COVID-19 - impartidos por Salud Digital","description":"Conoce tus derechos y lo que Estados Unidos tiene para ofrecer a los migrantes en materia de Salud - Acceso Latino","robots":{"index":"index","follow":"follow","max-snippet":"max-snippet:-1","max-image-preview":"max-image-preview:large","max-video-preview":"max-video-preview:-1"},"canonical":"https:\/\/accesolatino.org\/en\/salud\/cursos-que-imparte-salud-digital-para-el-tratamiento-de-covid\/","og_locale":"en_US","og_type":"article","og_title":"Acceso Latino | Cursos para el tratamiento de COVID-19 - impartidos por Salud Digital","og_description":"Conoce todo lo que Estados Unidos tiene para ofrecer a los migrantes en materia de Salud","og_url":"https:\/\/accesolatino.org\/en\/salud\/cursos-que-imparte-salud-digital-para-el-tratamiento-de-covid\/","og_site_name":"Acceso Latino","article_publisher":"https:\/\/www.facebook.com\/AccesoLatinoOrg","article_modified_time":"2025-10-16T21:09:15+00:00","og_image":[{"width":600,"height":338,"url":"https:\/\/accesolatino.org\/wp-content\/uploads\/2021\/01\/Conoce-los-cursos-que-imparte-Salud-Digital-para-el-tratamiento-de-COVID-19.png","type":"image\/png"}],"twitter_card":"summary_large_image","twitter_title":"Acceso Latino | Cursos para el tratamiento de COVID-19 - impartidos por Salud Digital","twitter_description":"Conoce todo lo que Estados Unidos tiene para ofrecer a los migrantes en materia de Salud","twitter_image":"https:\/\/accesolatino.org\/wp-content\/uploads\/2021\/01\/Conoce-los-cursos-que-imparte-Salud-Digital-para-el-tratamiento-de-COVID-19.png","twitter_site":"@FAccLatino","twitter_misc":{"Est. reading time":"2 minutes"},"schema":{"@context":"https:\/\/schema.org","@graph":[{"@type":"WebPage","@id":"https:\/\/accesolatino.org\/salud\/cursos-que-imparte-salud-digital-para-el-tratamiento-de-covid\/","url":"https:\/\/accesolatino.org\/salud\/cursos-que-imparte-salud-digital-para-el-tratamiento-de-covid\/","name":"Cursos para el tratamiento de COVID-19 - impartidos por Salud Digital","isPartOf":{"@id":"https:\/\/accesolatino.org\/#website"},"primaryImageOfPage":{"@id":"https:\/\/accesolatino.org\/salud\/cursos-que-imparte-salud-digital-para-el-tratamiento-de-covid\/#primaryimage"},"image":{"@id":"https:\/\/accesolatino.org\/salud\/cursos-que-imparte-salud-digital-para-el-tratamiento-de-covid\/#primaryimage"},"thumbnailUrl":"https:\/\/accesolatino.org\/wp-content\/uploads\/2021\/01\/Conoce-los-cursos-que-imparte-Salud-Digital-para-el-tratamiento-de-COVID-19.png","datePublished":"2021-01-14T15:02:00+00:00","dateModified":"2025-10-16T21:09:15+00:00","description":"Conoce tus derechos y lo que Estados Unidos tiene para ofrecer a los migrantes en materia de Salud - Acceso Latino","breadcrumb":{"@id":"https:\/\/accesolatino.org\/salud\/cursos-que-imparte-salud-digital-para-el-tratamiento-de-covid\/#breadcrumb"},"inLanguage":"en-US","potentialAction":[{"@type":"ReadAction","target":["https:\/\/accesolatino.org\/salud\/cursos-que-imparte-salud-digital-para-el-tratamiento-de-covid\/"]}]},{"@type":"ImageObject","inLanguage":"en-US","@id":"https:\/\/accesolatino.org\/salud\/cursos-que-imparte-salud-digital-para-el-tratamiento-de-covid\/#primaryimage","url":"https:\/\/accesolatino.org\/wp-content\/uploads\/2021\/01\/Conoce-los-cursos-que-imparte-Salud-Digital-para-el-tratamiento-de-COVID-19.png","contentUrl":"https:\/\/accesolatino.org\/wp-content\/uploads\/2021\/01\/Conoce-los-cursos-que-imparte-Salud-Digital-para-el-tratamiento-de-COVID-19.png","width":600,"height":338,"caption":"cursos"},{"@type":"BreadcrumbList","@id":"https:\/\/accesolatino.org\/salud\/cursos-que-imparte-salud-digital-para-el-tratamiento-de-covid\/#breadcrumb","itemListElement":[{"@type":"ListItem","position":1,"name":"Portada","item":"https:\/\/accesolatino.org\/"},{"@type":"ListItem","position":2,"name":"Salud","item":"https:\/\/accesolatino.org\/salud\/"},{"@type":"ListItem","position":3,"name":"Cursos para el tratamiento de COVID-19 &#8211; impartidos por Salud Digital"}]},{"@type":"WebSite","@id":"https:\/\/accesolatino.org\/#website","url":"https:\/\/accesolatino.org\/","name":"Acceso Latino | Fundaci\u00f3n Carlos Slim","description":"Fundaci\u00f3n Carlos Slim","publisher":{"@id":"https:\/\/accesolatino.org\/#organization"},"potentialAction":[{"@type":"SearchAction","target":{"@type":"EntryPoint","urlTemplate":"https:\/\/accesolatino.org\/?s={search_term_string}"},"query-input":{"@type":"PropertyValueSpecification","valueRequired":true,"valueName":"search_term_string"}}],"inLanguage":"en-US"},{"@type":"Organization","@id":"https:\/\/accesolatino.org\/#organization","name":"Acceso Latino | Fundaci\u00f3n Carlos Slim","url":"https:\/\/accesolatino.org\/","logo":{"@type":"ImageObject","inLanguage":"en-US","@id":"https:\/\/accesolatino.org\/#\/schema\/logo\/image\/","url":"https:\/\/accesolatino.org\/wp-content\/uploads\/2021\/02\/logo-footer-acceso-latino.png","contentUrl":"https:\/\/accesolatino.org\/wp-content\/uploads\/2021\/02\/logo-footer-acceso-latino.png","width":240,"height":40,"caption":"Acceso Latino | Fundaci\u00f3n Carlos Slim"},"image":{"@id":"https:\/\/accesolatino.org\/#\/schema\/logo\/image\/"},"sameAs":["https:\/\/www.facebook.com\/AccesoLatinoOrg","https:\/\/x.com\/FAccLatino"]}]}},"_links":{"self":[{"href":"https:\/\/accesolatino.org\/en\/wp-json\/wp\/v2\/pages\/25018","targetHints":{"allow":["GET"]}}],"collection":[{"href":"https:\/\/accesolatino.org\/en\/wp-json\/wp\/v2\/pages"}],"about":[{"href":"https:\/\/accesolatino.org\/en\/wp-json\/wp\/v2\/types\/page"}],"author":[{"embeddable":true,"href":"https:\/\/accesolatino.org\/en\/wp-json\/wp\/v2\/users\/4"}],"replies":[{"embeddable":true,"href":"https:\/\/accesolatino.org\/en\/wp-json\/wp\/v2\/comments?post=25018"}],"version-history":[{"count":1,"href":"https:\/\/accesolatino.org\/en\/wp-json\/wp\/v2\/pages\/25018\/revisions"}],"predecessor-version":[{"id":63994,"href":"https:\/\/accesolatino.org\/en\/wp-json\/wp\/v2\/pages\/25018\/revisions\/63994"}],"up":[{"embeddable":true,"href":"https:\/\/accesolatino.org\/en\/wp-json\/wp\/v2\/pages\/4668"}],"wp:featuredmedia":[{"embeddable":true,"href":"https:\/\/accesolatino.org\/en\/wp-json\/wp\/v2\/media\/25019"}],"wp:attachment":[{"href":"https:\/\/accesolatino.org\/en\/wp-json\/wp\/v2\/media?parent=25018"}],"curies":[{"name":"wp","href":"https:\/\/api.w.org\/{rel}","templated":true}]}}