{"id":16718,"date":"2019-02-11T16:00:26","date_gmt":"2019-02-11T22:00:26","guid":{"rendered":"https:\/\/accesolatino.org\/?page_id=16718"},"modified":"2025-10-16T16:54:22","modified_gmt":"2025-10-16T22:54:22","slug":"estos-son-los-derechos-laborales-de-los-dreamers","status":"publish","type":"page","link":"https:\/\/accesolatino.org\/en\/buscas-empleo\/estos-son-los-derechos-laborales-de-los-dreamers\/","title":{"rendered":"These are the labor rights of dreamers"},"content":{"rendered":"<div data-elementor-type=\"wp-post\" data-elementor-id=\"16718\" class=\"elementor elementor-16718\">\n\t\t\t\t\t\t<section class=\"elementor-section elementor-top-section elementor-element elementor-element-6069c04 elementor-section-full_width elementor-section-height-min-height elementor-section-items-stretch elementor-section-height-default wpr-particle-no wpr-jarallax-no wpr-parallax-no wpr-sticky-section-no wpr-equal-height-no\" data-id=\"6069c04\" data-element_type=\"section\" data-e-type=\"section\" data-settings=\"{&quot;background_background&quot;:&quot;classic&quot;}\">\n\t\t\t\t\t\t<div class=\"elementor-container elementor-column-gap-no\">\n\t\t\t\t\t<div class=\"elementor-column elementor-col-100 elementor-top-column elementor-element elementor-element-c87705c\" data-id=\"c87705c\" data-element_type=\"column\" data-e-type=\"column\">\n\t\t\t<div class=\"elementor-widget-wrap elementor-element-populated\">\n\t\t\t\t\t\t<div class=\"elementor-element elementor-element-2efe870 elementor--h-position-center elementor--v-position-middle elementor-widget elementor-widget-slides\" data-id=\"2efe870\" data-element_type=\"widget\" data-e-type=\"widget\" data-settings=\"{&quot;navigation&quot;:&quot;none&quot;,&quot;infinite&quot;:&quot;yes&quot;,&quot;transition&quot;:&quot;slide&quot;,&quot;transition_speed&quot;:500}\" data-widget_type=\"slides.default\">\n\t\t\t\t<div class=\"elementor-widget-container\">\n\t\t\t\t\t\t\t<div class=\"elementor-swiper\">\n\t\t\t<div class=\"elementor-slides-wrapper elementor-main-swiper swiper-container\" dir=\"ltr\" data-animation=\"\">\n\t\t\t\t<div class=\"swiper-wrapper elementor-slides\">\n\t\t\t\t\t\t\t\t\t\t<div class=\"elementor-repeater-item-d983a28 swiper-slide\"><div class=\"swiper-slide-bg\"><\/div><div class=\"swiper-slide-inner\" ><div class=\"swiper-slide-contents\"><div class=\"elementor-slide-heading\">Looking for a job?<\/div><\/div><\/div><\/div>\t\t\t\t<\/div>\n\t\t\t\t\t\t\t<\/div>\n\t\t<\/div>\n\t\t\t\t\t\t<\/div>\n\t\t\t\t<\/div>\n\t\t\t\t\t<\/div>\n\t\t<\/div>\n\t\t\t\t\t<\/div>\n\t\t<\/section>\n\t\t\t\t<section class=\"elementor-section elementor-top-section elementor-element elementor-element-1face57 elementor-section-stretched elementor-section-boxed elementor-section-height-default elementor-section-height-default wpr-particle-no wpr-jarallax-no wpr-parallax-no wpr-sticky-section-no wpr-equal-height-no\" data-id=\"1face57\" data-element_type=\"section\" data-e-type=\"section\" data-settings=\"{&quot;stretch_section&quot;:&quot;section-stretched&quot;,&quot;background_background&quot;:&quot;classic&quot;}\">\n\t\t\t\t\t\t<div class=\"elementor-container elementor-column-gap-default\">\n\t\t\t\t\t<div class=\"elementor-column elementor-col-100 elementor-top-column elementor-element elementor-element-892a73a\" data-id=\"892a73a\" data-element_type=\"column\" data-e-type=\"column\">\n\t\t\t<div class=\"elementor-widget-wrap elementor-element-populated\">\n\t\t\t\t\t\t<div class=\"elementor-element elementor-element-35392f4 elementor-widget elementor-widget-heading\" data-id=\"35392f4\" data-element_type=\"widget\" data-e-type=\"widget\" data-widget_type=\"heading.default\">\n\t\t\t\t<div class=\"elementor-widget-container\">\n\t\t\t\t\t<h3 class=\"elementor-heading-title elementor-size-default\">These are the labor rights of dreamers<\/h3>\t\t\t\t<\/div>\n\t\t\t\t<\/div>\n\t\t\t\t<div class=\"elementor-element elementor-element-da4e5ec elementor-widget elementor-widget-text-editor\" data-id=\"da4e5ec\" data-element_type=\"widget\" data-e-type=\"widget\" data-widget_type=\"text-editor.default\">\n\t\t\t\t<div class=\"elementor-widget-container\">\n\t\t\t\t\t\t\t\t\t<p>Mediante el portal de accesolatino.org buscamos informar y apoyar a los migrantes que viven en Estados Unidos otorg\u00e1ndoles herramientas e informaci\u00f3n \u00fatil que ofrecen los gobiernos y organizaciones de Estados Unidos para mejorar su calidad de vida.<\/p><p>Por ese motivo, tenemos nuestra secci\u00f3n de <a href=\"\/en\/buscas-empleo\/\">\u201cBuscas empleo<\/a>\u201d donde encontrar\u00e1s tarjetas con informaci\u00f3n y herramientas que te ofrecen la oportunidad de conseguir trabajo en Estados Unidos o M\u00e9xico, pr\u00e9stamos para comenzar tu negocio, capacitaci\u00f3n en distintos \u00e1mbitos laborales y dem\u00e1s.<\/p><p>Si eres una de las personas que cuentan con el beneficio Acci\u00f3n Diferida para los Llegados en la Infancia (DACA), encontrar\u00e1s nuestra tarjeta de<a href=\"\/en\/buscas-empleo\/preguntas-frecuentes\/\"> \u201cPreguntas frecuentes\u201d,<\/a> en la cual encontrar\u00e1s informaci\u00f3n actualizada sobre los derechos laborales de las personas con DACA.<\/p><p>Dicha informaci\u00f3n te ayudar\u00e1 a responder algunas de las preguntas que la mayor\u00eda de los beneficiarios de este programa se hacen, tales como:<\/p><ul><li>\u00bfDebo informar a mi empleador que mi DACA y permiso de trabajo van a expirar?<\/li><li>\u00bfQu\u00e9 sucede si mi permiso de trabajo expira y mi empleador no puede solicitar un nuevo permiso de trabajo?<\/li><li>Si pierdo mi trabajo, \u00bftengo derecho a que me paguen mis vacaciones y mi licencia por enfermedad?<\/li><li>Si pierdo mi trabajo, \u00bfpuedo solicitar los fondos de la cuenta de jubilaci\u00f3n patrocinada por el empleador?<\/li><li>\u00bfQu\u00e9 sucede con mi n\u00famero de seguridad social?<\/li><\/ul>\t\t\t\t\t\t\t\t<\/div>\n\t\t\t\t<\/div>\n\t\t\t\t<div class=\"elementor-element elementor-element-b6c5a2b elementor-widget elementor-widget-spacer\" data-id=\"b6c5a2b\" data-element_type=\"widget\" data-e-type=\"widget\" data-widget_type=\"spacer.default\">\n\t\t\t\t<div class=\"elementor-widget-container\">\n\t\t\t\t\t\t\t<div class=\"elementor-spacer\">\n\t\t\t<div class=\"elementor-spacer-inner\"><\/div>\n\t\t<\/div>\n\t\t\t\t\t\t<\/div>\n\t\t\t\t<\/div>\n\t\t\t\t\t<\/div>\n\t\t<\/div>\n\t\t\t\t\t<\/div>\n\t\t<\/section>\n\t\t\t\t<\/div>","protected":false},"excerpt":{"rendered":"<p>\u00bfBuscas empleo? Estos son los derechos laborales de los dreamers Mediante el portal de accesolatino.org buscamos informar y apoyar a los migrantes que viven en Estados Unidos otorg\u00e1ndoles herramientas e informaci\u00f3n \u00fatil que ofrecen los gobiernos y organizaciones de Estados Unidos para mejorar su calidad de vida. Por ese motivo, tenemos nuestra secci\u00f3n de \u201cBuscas empleo\u201d donde encontrar\u00e1s tarjetas con informaci\u00f3n y herramientas que te ofrecen la oportunidad de conseguir trabajo en Estados Unidos o M\u00e9xico, pr\u00e9stamos para comenzar tu negocio, capacitaci\u00f3n en distintos \u00e1mbitos laborales y dem\u00e1s. Si eres una de las personas que cuentan con el beneficio Acci\u00f3n Diferida para los Llegados en la Infancia (DACA), encontrar\u00e1s nuestra tarjeta de \u201cPreguntas frecuentes\u201d, en la cual encontrar\u00e1s informaci\u00f3n actualizada sobre los derechos laborales de las personas con DACA. Dicha informaci\u00f3n te ayudar\u00e1 a responder algunas de las preguntas que la mayor\u00eda de los beneficiarios de este programa se hacen, tales como: \u00bfDebo informar a mi empleador que mi DACA y permiso de trabajo van a expirar? \u00bfQu\u00e9 sucede si mi permiso de trabajo expira y mi empleador no puede solicitar un nuevo permiso de trabajo? Si pierdo mi trabajo, \u00bftengo derecho a que me paguen mis vacaciones y mi licencia por enfermedad? Si pierdo mi trabajo, \u00bfpuedo solicitar los fondos de la cuenta de jubilaci\u00f3n patrocinada por el empleador? \u00bfQu\u00e9 sucede con mi n\u00famero de seguridad social?<\/p>","protected":false},"author":5,"featured_media":16719,"parent":2747,"menu_order":0,"comment_status":"closed","ping_status":"closed","template":"elementor_header_footer","meta":{"_uf_show_specific_survey":0,"_uf_disable_surveys":false,"footnotes":""},"class_list":["post-16718","page","type-page","status-publish","has-post-thumbnail"],"aioseo_notices":[],"yoast_head":"<!-- This site is optimized with the Yoast SEO plugin v27.5 - https:\/\/yoast.com\/product\/yoast-seo-wordpress\/ -->\n<title>Estos son los derechos laborales de los dreamers<\/title>\n<meta name=\"description\" content=\"\u00bfBuscas empleo en Estados Unidos? Te compartimos algunas herramientas para capacitarte y encontrarlo - Acceso Latino\" \/>\n<meta name=\"robots\" content=\"index, follow, max-snippet:-1, max-image-preview:large, max-video-preview:-1\" \/>\n<link rel=\"canonical\" href=\"https:\/\/accesolatino.org\/en\/buscas-empleo\/estos-son-los-derechos-laborales-de-los-dreamers\/\" \/>\n<meta property=\"og:locale\" content=\"en_US\" \/>\n<meta property=\"og:type\" content=\"article\" \/>\n<meta property=\"og:title\" content=\"Acceso Latino | Estos son los derechos laborales de los dreamers\" \/>\n<meta property=\"og:description\" content=\"\u00bfBuscas empleo en Estados Unidos? Te compartimos algunas herrmientas para capacitarte y encontrarlo.\" \/>\n<meta property=\"og:url\" content=\"https:\/\/accesolatino.org\/en\/buscas-empleo\/estos-son-los-derechos-laborales-de-los-dreamers\/\" \/>\n<meta property=\"og:site_name\" content=\"Acceso Latino\" \/>\n<meta property=\"article:publisher\" content=\"https:\/\/www.facebook.com\/AccesoLatinoOrg\" \/>\n<meta property=\"article:modified_time\" content=\"2025-10-16T22:54:22+00:00\" \/>\n<meta property=\"og:image\" content=\"https:\/\/accesolatino.org\/wp-content\/uploads\/2019\/04\/Estos-son-los-derechos-laborales-de-los-dreamers.jpg\" \/>\n\t<meta property=\"og:image:width\" content=\"600\" \/>\n\t<meta property=\"og:image:height\" content=\"338\" \/>\n\t<meta property=\"og:image:type\" content=\"image\/jpeg\" \/>\n<meta name=\"twitter:card\" content=\"summary_large_image\" \/>\n<meta name=\"twitter:title\" content=\"Acceso Latino | Estos son los derechos laborales de los dreamers\" \/>\n<meta name=\"twitter:description\" content=\"\u00bfBuscas empleo en Estados Unidos? Te compartimos algunas herrmientas para capacitarte y encontrarlo.\" \/>\n<meta name=\"twitter:image\" content=\"https:\/\/accesolatino.org\/wp-content\/uploads\/2019\/04\/Estos-son-los-derechos-laborales-de-los-dreamers.jpg\" \/>\n<meta name=\"twitter:site\" content=\"@FAccLatino\" \/>\n<meta name=\"twitter:label1\" content=\"Est. reading time\" \/>\n\t<meta name=\"twitter:data1\" content=\"2 minutes\" \/>\n<script type=\"application\/ld+json\" class=\"yoast-schema-graph\">{\"@context\":\"https:\\\/\\\/schema.org\",\"@graph\":[{\"@type\":\"WebPage\",\"@id\":\"https:\\\/\\\/accesolatino.org\\\/buscas-empleo\\\/estos-son-los-derechos-laborales-de-los-dreamers\\\/\",\"url\":\"https:\\\/\\\/accesolatino.org\\\/buscas-empleo\\\/estos-son-los-derechos-laborales-de-los-dreamers\\\/\",\"name\":\"Estos son los derechos laborales de los dreamers\",\"isPartOf\":{\"@id\":\"https:\\\/\\\/accesolatino.org\\\/#website\"},\"primaryImageOfPage\":{\"@id\":\"https:\\\/\\\/accesolatino.org\\\/buscas-empleo\\\/estos-son-los-derechos-laborales-de-los-dreamers\\\/#primaryimage\"},\"image\":{\"@id\":\"https:\\\/\\\/accesolatino.org\\\/buscas-empleo\\\/estos-son-los-derechos-laborales-de-los-dreamers\\\/#primaryimage\"},\"thumbnailUrl\":\"https:\\\/\\\/accesolatino.org\\\/wp-content\\\/uploads\\\/2019\\\/04\\\/Estos-son-los-derechos-laborales-de-los-dreamers.jpg\",\"datePublished\":\"2019-02-11T22:00:26+00:00\",\"dateModified\":\"2025-10-16T22:54:22+00:00\",\"description\":\"\u00bfBuscas empleo en Estados Unidos? Te compartimos algunas herramientas para capacitarte y encontrarlo - Acceso Latino\",\"breadcrumb\":{\"@id\":\"https:\\\/\\\/accesolatino.org\\\/buscas-empleo\\\/estos-son-los-derechos-laborales-de-los-dreamers\\\/#breadcrumb\"},\"inLanguage\":\"en-US\",\"potentialAction\":[{\"@type\":\"ReadAction\",\"target\":[\"https:\\\/\\\/accesolatino.org\\\/buscas-empleo\\\/estos-son-los-derechos-laborales-de-los-dreamers\\\/\"]}]},{\"@type\":\"ImageObject\",\"inLanguage\":\"en-US\",\"@id\":\"https:\\\/\\\/accesolatino.org\\\/buscas-empleo\\\/estos-son-los-derechos-laborales-de-los-dreamers\\\/#primaryimage\",\"url\":\"https:\\\/\\\/accesolatino.org\\\/wp-content\\\/uploads\\\/2019\\\/04\\\/Estos-son-los-derechos-laborales-de-los-dreamers.jpg\",\"contentUrl\":\"https:\\\/\\\/accesolatino.org\\\/wp-content\\\/uploads\\\/2019\\\/04\\\/Estos-son-los-derechos-laborales-de-los-dreamers.jpg\",\"width\":600,\"height\":338,\"caption\":\"dreamers\"},{\"@type\":\"BreadcrumbList\",\"@id\":\"https:\\\/\\\/accesolatino.org\\\/buscas-empleo\\\/estos-son-los-derechos-laborales-de-los-dreamers\\\/#breadcrumb\",\"itemListElement\":[{\"@type\":\"ListItem\",\"position\":1,\"name\":\"Portada\",\"item\":\"https:\\\/\\\/accesolatino.org\\\/\"},{\"@type\":\"ListItem\",\"position\":2,\"name\":\"Buscas Empleo\",\"item\":\"https:\\\/\\\/accesolatino.org\\\/en\\\/buscas-empleo\\\/\"},{\"@type\":\"ListItem\",\"position\":3,\"name\":\"Estos son los derechos laborales de los dreamers\"}]},{\"@type\":\"WebSite\",\"@id\":\"https:\\\/\\\/accesolatino.org\\\/#website\",\"url\":\"https:\\\/\\\/accesolatino.org\\\/\",\"name\":\"Acceso Latino | Fundaci\u00f3n Carlos Slim\",\"description\":\"Fundaci\u00f3n Carlos Slim\",\"publisher\":{\"@id\":\"https:\\\/\\\/accesolatino.org\\\/#organization\"},\"potentialAction\":[{\"@type\":\"SearchAction\",\"target\":{\"@type\":\"EntryPoint\",\"urlTemplate\":\"https:\\\/\\\/accesolatino.org\\\/?s={search_term_string}\"},\"query-input\":{\"@type\":\"PropertyValueSpecification\",\"valueRequired\":true,\"valueName\":\"search_term_string\"}}],\"inLanguage\":\"en-US\"},{\"@type\":\"Organization\",\"@id\":\"https:\\\/\\\/accesolatino.org\\\/#organization\",\"name\":\"Acceso Latino | Fundaci\u00f3n Carlos Slim\",\"url\":\"https:\\\/\\\/accesolatino.org\\\/\",\"logo\":{\"@type\":\"ImageObject\",\"inLanguage\":\"en-US\",\"@id\":\"https:\\\/\\\/accesolatino.org\\\/#\\\/schema\\\/logo\\\/image\\\/\",\"url\":\"https:\\\/\\\/accesolatino.org\\\/wp-content\\\/uploads\\\/2021\\\/02\\\/logo-footer-acceso-latino.png\",\"contentUrl\":\"https:\\\/\\\/accesolatino.org\\\/wp-content\\\/uploads\\\/2021\\\/02\\\/logo-footer-acceso-latino.png\",\"width\":240,\"height\":40,\"caption\":\"Acceso Latino | Fundaci\u00f3n Carlos Slim\"},\"image\":{\"@id\":\"https:\\\/\\\/accesolatino.org\\\/#\\\/schema\\\/logo\\\/image\\\/\"},\"sameAs\":[\"https:\\\/\\\/www.facebook.com\\\/AccesoLatinoOrg\",\"https:\\\/\\\/x.com\\\/FAccLatino\"]}]}<\/script>\n<!-- \/ Yoast SEO plugin. -->","yoast_head_json":{"title":"These are the labor rights of dreamers","description":"\u00bfBuscas empleo en Estados Unidos? Te compartimos algunas herramientas para capacitarte y encontrarlo - Acceso Latino","robots":{"index":"index","follow":"follow","max-snippet":"max-snippet:-1","max-image-preview":"max-image-preview:large","max-video-preview":"max-video-preview:-1"},"canonical":"https:\/\/accesolatino.org\/en\/buscas-empleo\/estos-son-los-derechos-laborales-de-los-dreamers\/","og_locale":"en_US","og_type":"article","og_title":"Acceso Latino | Estos son los derechos laborales de los dreamers","og_description":"\u00bfBuscas empleo en Estados Unidos? Te compartimos algunas herrmientas para capacitarte y encontrarlo.","og_url":"https:\/\/accesolatino.org\/en\/buscas-empleo\/estos-son-los-derechos-laborales-de-los-dreamers\/","og_site_name":"Acceso Latino","article_publisher":"https:\/\/www.facebook.com\/AccesoLatinoOrg","article_modified_time":"2025-10-16T22:54:22+00:00","og_image":[{"width":600,"height":338,"url":"https:\/\/accesolatino.org\/wp-content\/uploads\/2019\/04\/Estos-son-los-derechos-laborales-de-los-dreamers.jpg","type":"image\/jpeg"}],"twitter_card":"summary_large_image","twitter_title":"Acceso Latino | Estos son los derechos laborales de los dreamers","twitter_description":"\u00bfBuscas empleo en Estados Unidos? Te compartimos algunas herrmientas para capacitarte y encontrarlo.","twitter_image":"https:\/\/accesolatino.org\/wp-content\/uploads\/2019\/04\/Estos-son-los-derechos-laborales-de-los-dreamers.jpg","twitter_site":"@FAccLatino","twitter_misc":{"Est. reading time":"2 minutes"},"schema":{"@context":"https:\/\/schema.org","@graph":[{"@type":"WebPage","@id":"https:\/\/accesolatino.org\/buscas-empleo\/estos-son-los-derechos-laborales-de-los-dreamers\/","url":"https:\/\/accesolatino.org\/buscas-empleo\/estos-son-los-derechos-laborales-de-los-dreamers\/","name":"These are the labor rights of dreamers","isPartOf":{"@id":"https:\/\/accesolatino.org\/#website"},"primaryImageOfPage":{"@id":"https:\/\/accesolatino.org\/buscas-empleo\/estos-son-los-derechos-laborales-de-los-dreamers\/#primaryimage"},"image":{"@id":"https:\/\/accesolatino.org\/buscas-empleo\/estos-son-los-derechos-laborales-de-los-dreamers\/#primaryimage"},"thumbnailUrl":"https:\/\/accesolatino.org\/wp-content\/uploads\/2019\/04\/Estos-son-los-derechos-laborales-de-los-dreamers.jpg","datePublished":"2019-02-11T22:00:26+00:00","dateModified":"2025-10-16T22:54:22+00:00","description":"\u00bfBuscas empleo en Estados Unidos? Te compartimos algunas herramientas para capacitarte y encontrarlo - Acceso Latino","breadcrumb":{"@id":"https:\/\/accesolatino.org\/buscas-empleo\/estos-son-los-derechos-laborales-de-los-dreamers\/#breadcrumb"},"inLanguage":"en-US","potentialAction":[{"@type":"ReadAction","target":["https:\/\/accesolatino.org\/buscas-empleo\/estos-son-los-derechos-laborales-de-los-dreamers\/"]}]},{"@type":"ImageObject","inLanguage":"en-US","@id":"https:\/\/accesolatino.org\/buscas-empleo\/estos-son-los-derechos-laborales-de-los-dreamers\/#primaryimage","url":"https:\/\/accesolatino.org\/wp-content\/uploads\/2019\/04\/Estos-son-los-derechos-laborales-de-los-dreamers.jpg","contentUrl":"https:\/\/accesolatino.org\/wp-content\/uploads\/2019\/04\/Estos-son-los-derechos-laborales-de-los-dreamers.jpg","width":600,"height":338,"caption":"dreamers"},{"@type":"BreadcrumbList","@id":"https:\/\/accesolatino.org\/buscas-empleo\/estos-son-los-derechos-laborales-de-los-dreamers\/#breadcrumb","itemListElement":[{"@type":"ListItem","position":1,"name":"Portada","item":"https:\/\/accesolatino.org\/"},{"@type":"ListItem","position":2,"name":"Buscas Empleo","item":"https:\/\/accesolatino.org\/en\/buscas-empleo\/"},{"@type":"ListItem","position":3,"name":"Estos son los derechos laborales de los dreamers"}]},{"@type":"WebSite","@id":"https:\/\/accesolatino.org\/#website","url":"https:\/\/accesolatino.org\/","name":"Acceso Latino | Fundaci\u00f3n Carlos Slim","description":"Fundaci\u00f3n Carlos Slim","publisher":{"@id":"https:\/\/accesolatino.org\/#organization"},"potentialAction":[{"@type":"SearchAction","target":{"@type":"EntryPoint","urlTemplate":"https:\/\/accesolatino.org\/?s={search_term_string}"},"query-input":{"@type":"PropertyValueSpecification","valueRequired":true,"valueName":"search_term_string"}}],"inLanguage":"en-US"},{"@type":"Organization","@id":"https:\/\/accesolatino.org\/#organization","name":"Acceso Latino | Fundaci\u00f3n Carlos Slim","url":"https:\/\/accesolatino.org\/","logo":{"@type":"ImageObject","inLanguage":"en-US","@id":"https:\/\/accesolatino.org\/#\/schema\/logo\/image\/","url":"https:\/\/accesolatino.org\/wp-content\/uploads\/2021\/02\/logo-footer-acceso-latino.png","contentUrl":"https:\/\/accesolatino.org\/wp-content\/uploads\/2021\/02\/logo-footer-acceso-latino.png","width":240,"height":40,"caption":"Acceso Latino | Fundaci\u00f3n Carlos Slim"},"image":{"@id":"https:\/\/accesolatino.org\/#\/schema\/logo\/image\/"},"sameAs":["https:\/\/www.facebook.com\/AccesoLatinoOrg","https:\/\/x.com\/FAccLatino"]}]}},"_links":{"self":[{"href":"https:\/\/accesolatino.org\/en\/wp-json\/wp\/v2\/pages\/16718","targetHints":{"allow":["GET"]}}],"collection":[{"href":"https:\/\/accesolatino.org\/en\/wp-json\/wp\/v2\/pages"}],"about":[{"href":"https:\/\/accesolatino.org\/en\/wp-json\/wp\/v2\/types\/page"}],"author":[{"embeddable":true,"href":"https:\/\/accesolatino.org\/en\/wp-json\/wp\/v2\/users\/5"}],"replies":[{"embeddable":true,"href":"https:\/\/accesolatino.org\/en\/wp-json\/wp\/v2\/comments?post=16718"}],"version-history":[{"count":1,"href":"https:\/\/accesolatino.org\/en\/wp-json\/wp\/v2\/pages\/16718\/revisions"}],"predecessor-version":[{"id":64151,"href":"https:\/\/accesolatino.org\/en\/wp-json\/wp\/v2\/pages\/16718\/revisions\/64151"}],"up":[{"embeddable":true,"href":"https:\/\/accesolatino.org\/en\/wp-json\/wp\/v2\/pages\/2747"}],"wp:featuredmedia":[{"embeddable":true,"href":"https:\/\/accesolatino.org\/en\/wp-json\/wp\/v2\/media\/16719"}],"wp:attachment":[{"href":"https:\/\/accesolatino.org\/en\/wp-json\/wp\/v2\/media?parent=16718"}],"curies":[{"name":"wp","href":"https:\/\/api.w.org\/{rel}","templated":true}]}}