{"id":14794,"date":"2018-09-14T12:06:16","date_gmt":"2018-09-14T17:06:16","guid":{"rendered":"https:\/\/accesolatino.org\/?page_id=14794"},"modified":"2025-10-17T17:35:35","modified_gmt":"2025-10-17T23:35:35","slug":"reintegra-a-tus-hijos-al-sistema-escolar-en-mexico","status":"publish","type":"page","link":"https:\/\/accesolatino.org\/en\/reintegra-a-tus-hijos-al-sistema-escolar-en-mexico\/","title":{"rendered":"Reintegrate your children into the school system in Mexico"},"content":{"rendered":"<div data-elementor-type=\"wp-post\" data-elementor-id=\"14794\" class=\"elementor elementor-14794\">\n\t\t\t\t\t\t<section class=\"elementor-section elementor-top-section elementor-element elementor-element-33e1596 elementor-section-full_width elementor-section-height-min-height elementor-section-items-stretch elementor-section-height-default wpr-particle-no wpr-jarallax-no wpr-parallax-no wpr-sticky-section-no wpr-equal-height-no\" data-id=\"33e1596\" data-element_type=\"section\" data-e-type=\"section\" data-settings=\"{&quot;background_background&quot;:&quot;classic&quot;}\">\n\t\t\t\t\t\t<div class=\"elementor-container elementor-column-gap-no\">\n\t\t\t\t\t<div class=\"elementor-column elementor-col-100 elementor-top-column elementor-element elementor-element-8e69720\" data-id=\"8e69720\" data-element_type=\"column\" data-e-type=\"column\">\n\t\t\t<div class=\"elementor-widget-wrap elementor-element-populated\">\n\t\t\t\t\t\t<div class=\"elementor-element elementor-element-a1000e3 elementor--h-position-center elementor--v-position-middle elementor-widget elementor-widget-slides\" data-id=\"a1000e3\" data-element_type=\"widget\" data-e-type=\"widget\" data-settings=\"{&quot;navigation&quot;:&quot;none&quot;,&quot;infinite&quot;:&quot;yes&quot;,&quot;transition&quot;:&quot;slide&quot;,&quot;transition_speed&quot;:500}\" data-widget_type=\"slides.default\">\n\t\t\t\t<div class=\"elementor-widget-container\">\n\t\t\t\t\t\t\t<div class=\"elementor-swiper\">\n\t\t\t<div class=\"elementor-slides-wrapper elementor-main-swiper swiper-container\" dir=\"ltr\" data-animation=\"\">\n\t\t\t\t<div class=\"swiper-wrapper elementor-slides\">\n\t\t\t\t\t\t\t\t\t\t<div class=\"elementor-repeater-item-d983a28 swiper-slide\"><div class=\"swiper-slide-bg\"><\/div><div class=\"swiper-slide-inner\" ><div class=\"swiper-slide-contents\"><div class=\"elementor-slide-heading\">Education<\/div><\/div><\/div><\/div>\t\t\t\t<\/div>\n\t\t\t\t\t\t\t<\/div>\n\t\t<\/div>\n\t\t\t\t\t\t<\/div>\n\t\t\t\t<\/div>\n\t\t\t\t\t<\/div>\n\t\t<\/div>\n\t\t\t\t\t<\/div>\n\t\t<\/section>\n\t\t\t\t<section class=\"elementor-section elementor-top-section elementor-element elementor-element-ad91e99 elementor-section-stretched elementor-section-boxed elementor-section-height-default elementor-section-height-default wpr-particle-no wpr-jarallax-no wpr-parallax-no wpr-sticky-section-no wpr-equal-height-no\" data-id=\"ad91e99\" data-element_type=\"section\" data-e-type=\"section\" data-settings=\"{&quot;stretch_section&quot;:&quot;section-stretched&quot;,&quot;background_background&quot;:&quot;classic&quot;}\">\n\t\t\t\t\t\t<div class=\"elementor-container elementor-column-gap-default\">\n\t\t\t\t\t<div class=\"elementor-column elementor-col-100 elementor-top-column elementor-element elementor-element-736141d\" data-id=\"736141d\" data-element_type=\"column\" data-e-type=\"column\">\n\t\t\t<div class=\"elementor-widget-wrap elementor-element-populated\">\n\t\t\t\t\t\t<div class=\"elementor-element elementor-element-6e0d1d6 elementor-widget elementor-widget-heading\" data-id=\"6e0d1d6\" data-element_type=\"widget\" data-e-type=\"widget\" data-widget_type=\"heading.default\">\n\t\t\t\t<div class=\"elementor-widget-container\">\n\t\t\t\t\t<h3 class=\"elementor-heading-title elementor-size-default\">Reintegrate your children into the school system in Mexico<\/h3>\t\t\t\t<\/div>\n\t\t\t\t<\/div>\n\t\t\t\t<div class=\"elementor-element elementor-element-de7ebf8 elementor-widget elementor-widget-text-editor\" data-id=\"de7ebf8\" data-element_type=\"widget\" data-e-type=\"widget\" data-widget_type=\"text-editor.default\">\n\t\t\t\t<div class=\"elementor-widget-container\">\n\t\t\t\t\t\t\t\t\t<p>Los mexicanos que son deportados o regresan por decisi\u00f3n propia a nuestro pa\u00eds, debe considerar varios factores para poder retomar su vida y la de su familia. Uno de los m\u00e1s importantes es la educaci\u00f3n de tus hijos.<\/p><p>In <strong>Acceso Latino<\/strong> nos dimos a la tarea de poner a tu alcance herramientas para informarte a detalle sobre el proceso que tiene la <strong>Secretar\u00eda de Educaci\u00f3n P\u00fablica (SEP)<\/strong> para la reinserci\u00f3n de tus hijos a la escuela.<\/p><p>Ingresa a nuestra secci\u00f3n <a href=\"https:\/\/accesolatino.org\/en\/educacion\/\"><strong>\u201cEducaci\u00f3n\u201d<\/strong><\/a> y da clic en la tarjeta <strong>\u201cSecretar\u00eda de Educaci\u00f3n P\u00fablica\u201d<\/strong>.<\/p><p>En dicha tarjeta encontrar\u00e1s los siguientes puntos de apoyo:<\/p><ul><li><strong>Acciones de apoyo a retornados.<\/strong> Distintas acciones que ha preparado la SEP para apoyar a los estudiantes que han retornado a nuestro pa\u00eds.<\/li><li><strong>Tabla de correspondencia.<\/strong> Si no sabes en qu\u00e9 grado escolar entrar\u00eda tu hijo con relaci\u00f3n a su \u00faltimo a\u00f1o escolar en EUA, aqu\u00ed encontrar\u00e1s la equivalencia en M\u00e9xico.<\/li><li><strong>Normas de ingreso.<\/strong> Ent\u00e9rate de las normas necesarias para el ingreso de tu hijo al sistema educativo de M\u00e9xico (SEP).<\/li><\/ul>\t\t\t\t\t\t\t\t<\/div>\n\t\t\t\t<\/div>\n\t\t\t\t<div class=\"elementor-element elementor-element-e536a0a elementor-widget elementor-widget-spacer\" data-id=\"e536a0a\" data-element_type=\"widget\" data-e-type=\"widget\" data-widget_type=\"spacer.default\">\n\t\t\t\t<div class=\"elementor-widget-container\">\n\t\t\t\t\t\t\t<div class=\"elementor-spacer\">\n\t\t\t<div class=\"elementor-spacer-inner\"><\/div>\n\t\t<\/div>\n\t\t\t\t\t\t<\/div>\n\t\t\t\t<\/div>\n\t\t\t\t\t<\/div>\n\t\t<\/div>\n\t\t\t\t\t<\/div>\n\t\t<\/section>\n\t\t\t\t<\/div>","protected":false},"excerpt":{"rendered":"<p>Educaci\u00f3n Reintegra a tus hijos al sistema escolar en M\u00e9xico Los mexicanos que son deportados o regresan por decisi\u00f3n propia a nuestro pa\u00eds, debe considerar varios factores para poder retomar su vida y la de su familia. Uno de los m\u00e1s importantes es la educaci\u00f3n de tus hijos. En Acceso Latino nos dimos a la tarea de poner a tu alcance herramientas para informarte a detalle sobre el proceso que tiene la Secretar\u00eda de Educaci\u00f3n P\u00fablica (SEP) para la reinserci\u00f3n de tus hijos a la escuela. Ingresa a nuestra secci\u00f3n \u201cEducaci\u00f3n\u201d y da clic en la tarjeta \u201cSecretar\u00eda de Educaci\u00f3n P\u00fablica\u201d. En dicha tarjeta encontrar\u00e1s los siguientes puntos de apoyo: Acciones de apoyo a retornados. Distintas acciones que ha preparado la SEP para apoyar a los estudiantes que han retornado a nuestro pa\u00eds. Tabla de correspondencia. Si no sabes en qu\u00e9 grado escolar entrar\u00eda tu hijo con relaci\u00f3n a su \u00faltimo a\u00f1o escolar en EUA, aqu\u00ed encontrar\u00e1s la equivalencia en M\u00e9xico. Normas de ingreso. Ent\u00e9rate de las normas necesarias para el ingreso de tu hijo al sistema educativo de M\u00e9xico (SEP).<\/p>","protected":false},"author":7,"featured_media":14795,"parent":0,"menu_order":0,"comment_status":"closed","ping_status":"closed","template":"elementor_header_footer","meta":{"_uf_show_specific_survey":0,"_uf_disable_surveys":false,"footnotes":""},"class_list":["post-14794","page","type-page","status-publish","has-post-thumbnail"],"aioseo_notices":[],"yoast_head":"<!-- This site is optimized with the Yoast SEO plugin v27.5 - https:\/\/yoast.com\/product\/yoast-seo-wordpress\/ -->\n<title>Reintegra a tus hijos al sistema escolar en M\u00e9xico<\/title>\n<meta name=\"description\" content=\"Reintegra\u00a0a tus hijos al sistema escolar en M\u00e9xico Los mexicanos que son deportados o regresan por decisi\u00f3n propia a nuestro pa\u00eds, debe...\" \/>\n<meta name=\"robots\" content=\"index, follow, max-snippet:-1, max-image-preview:large, max-video-preview:-1\" \/>\n<link rel=\"canonical\" href=\"https:\/\/accesolatino.org\/en\/reintegra-a-tus-hijos-al-sistema-escolar-en-mexico\/\" \/>\n<meta property=\"og:locale\" content=\"en_US\" \/>\n<meta property=\"og:type\" content=\"article\" \/>\n<meta property=\"og:title\" content=\"Acceso Latino | Reintegra a tus hijos al sistema escolar en M\u00e9xico\" \/>\n<meta property=\"og:description\" content=\"Conoce las aplicaciones que te pueden ser de ayuda en otros pa\u00edses.\" \/>\n<meta property=\"og:url\" content=\"https:\/\/accesolatino.org\/en\/reintegra-a-tus-hijos-al-sistema-escolar-en-mexico\/\" \/>\n<meta property=\"og:site_name\" content=\"Acceso Latino\" \/>\n<meta property=\"article:publisher\" content=\"https:\/\/www.facebook.com\/AccesoLatinoOrg\" \/>\n<meta property=\"article:modified_time\" content=\"2025-10-17T23:35:35+00:00\" \/>\n<meta property=\"og:image\" content=\"https:\/\/accesolatino.org\/wp-content\/uploads\/2018\/09\/Reintegra-a-tus-hijos-al-sistema-escolar-en-Mexico.jpg\" \/>\n\t<meta property=\"og:image:width\" content=\"600\" \/>\n\t<meta property=\"og:image:height\" content=\"338\" \/>\n\t<meta property=\"og:image:type\" content=\"image\/jpeg\" \/>\n<meta name=\"twitter:card\" content=\"summary_large_image\" \/>\n<meta name=\"twitter:title\" content=\"Acceso Latino | Reintegra a tus hijos al sistema escolar en M\u00e9xico\" \/>\n<meta name=\"twitter:description\" content=\"Conoce las aplicaciones que te pueden ser de ayuda en otros pa\u00edses.\" \/>\n<meta name=\"twitter:image\" content=\"https:\/\/accesolatino.org\/wp-content\/uploads\/2018\/09\/Reintegra-a-tus-hijos-al-sistema-escolar-en-Mexico.jpg\" \/>\n<meta name=\"twitter:site\" content=\"@FAccLatino\" \/>\n<meta name=\"twitter:label1\" content=\"Est. reading time\" \/>\n\t<meta name=\"twitter:data1\" content=\"2 minutes\" \/>\n<script type=\"application\/ld+json\" class=\"yoast-schema-graph\">{\"@context\":\"https:\\\/\\\/schema.org\",\"@graph\":[{\"@type\":\"WebPage\",\"@id\":\"https:\\\/\\\/accesolatino.org\\\/en\\\/reintegra-a-tus-hijos-al-sistema-escolar-en-mexico\\\/\",\"url\":\"https:\\\/\\\/accesolatino.org\\\/en\\\/reintegra-a-tus-hijos-al-sistema-escolar-en-mexico\\\/\",\"name\":\"Reintegra a tus hijos al sistema escolar en M\u00e9xico\",\"isPartOf\":{\"@id\":\"https:\\\/\\\/accesolatino.org\\\/#website\"},\"primaryImageOfPage\":{\"@id\":\"https:\\\/\\\/accesolatino.org\\\/en\\\/reintegra-a-tus-hijos-al-sistema-escolar-en-mexico\\\/#primaryimage\"},\"image\":{\"@id\":\"https:\\\/\\\/accesolatino.org\\\/en\\\/reintegra-a-tus-hijos-al-sistema-escolar-en-mexico\\\/#primaryimage\"},\"thumbnailUrl\":\"https:\\\/\\\/accesolatino.org\\\/wp-content\\\/uploads\\\/2018\\\/09\\\/Reintegra-a-tus-hijos-al-sistema-escolar-en-Mexico.jpg\",\"datePublished\":\"2018-09-14T17:06:16+00:00\",\"dateModified\":\"2025-10-17T23:35:35+00:00\",\"description\":\"Reintegra\u00a0a tus hijos al sistema escolar en M\u00e9xico Los mexicanos que son deportados o regresan por decisi\u00f3n propia a nuestro pa\u00eds, debe...\",\"breadcrumb\":{\"@id\":\"https:\\\/\\\/accesolatino.org\\\/en\\\/reintegra-a-tus-hijos-al-sistema-escolar-en-mexico\\\/#breadcrumb\"},\"inLanguage\":\"en-US\",\"potentialAction\":[{\"@type\":\"ReadAction\",\"target\":[\"https:\\\/\\\/accesolatino.org\\\/en\\\/reintegra-a-tus-hijos-al-sistema-escolar-en-mexico\\\/\"]}]},{\"@type\":\"ImageObject\",\"inLanguage\":\"en-US\",\"@id\":\"https:\\\/\\\/accesolatino.org\\\/en\\\/reintegra-a-tus-hijos-al-sistema-escolar-en-mexico\\\/#primaryimage\",\"url\":\"https:\\\/\\\/accesolatino.org\\\/wp-content\\\/uploads\\\/2018\\\/09\\\/Reintegra-a-tus-hijos-al-sistema-escolar-en-Mexico.jpg\",\"contentUrl\":\"https:\\\/\\\/accesolatino.org\\\/wp-content\\\/uploads\\\/2018\\\/09\\\/Reintegra-a-tus-hijos-al-sistema-escolar-en-Mexico.jpg\",\"width\":600,\"height\":338,\"caption\":\"reintegra\"},{\"@type\":\"BreadcrumbList\",\"@id\":\"https:\\\/\\\/accesolatino.org\\\/en\\\/reintegra-a-tus-hijos-al-sistema-escolar-en-mexico\\\/#breadcrumb\",\"itemListElement\":[{\"@type\":\"ListItem\",\"position\":1,\"name\":\"Portada\",\"item\":\"https:\\\/\\\/accesolatino.org\\\/\"},{\"@type\":\"ListItem\",\"position\":2,\"name\":\"Reintegra a tus hijos al sistema escolar en M\u00e9xico\"}]},{\"@type\":\"WebSite\",\"@id\":\"https:\\\/\\\/accesolatino.org\\\/#website\",\"url\":\"https:\\\/\\\/accesolatino.org\\\/\",\"name\":\"Acceso Latino | Fundaci\u00f3n Carlos Slim\",\"description\":\"Fundaci\u00f3n Carlos Slim\",\"publisher\":{\"@id\":\"https:\\\/\\\/accesolatino.org\\\/#organization\"},\"potentialAction\":[{\"@type\":\"SearchAction\",\"target\":{\"@type\":\"EntryPoint\",\"urlTemplate\":\"https:\\\/\\\/accesolatino.org\\\/?s={search_term_string}\"},\"query-input\":{\"@type\":\"PropertyValueSpecification\",\"valueRequired\":true,\"valueName\":\"search_term_string\"}}],\"inLanguage\":\"en-US\"},{\"@type\":\"Organization\",\"@id\":\"https:\\\/\\\/accesolatino.org\\\/#organization\",\"name\":\"Acceso Latino | Fundaci\u00f3n Carlos Slim\",\"url\":\"https:\\\/\\\/accesolatino.org\\\/\",\"logo\":{\"@type\":\"ImageObject\",\"inLanguage\":\"en-US\",\"@id\":\"https:\\\/\\\/accesolatino.org\\\/#\\\/schema\\\/logo\\\/image\\\/\",\"url\":\"https:\\\/\\\/accesolatino.org\\\/wp-content\\\/uploads\\\/2021\\\/02\\\/logo-footer-acceso-latino.png\",\"contentUrl\":\"https:\\\/\\\/accesolatino.org\\\/wp-content\\\/uploads\\\/2021\\\/02\\\/logo-footer-acceso-latino.png\",\"width\":240,\"height\":40,\"caption\":\"Acceso Latino | Fundaci\u00f3n Carlos Slim\"},\"image\":{\"@id\":\"https:\\\/\\\/accesolatino.org\\\/#\\\/schema\\\/logo\\\/image\\\/\"},\"sameAs\":[\"https:\\\/\\\/www.facebook.com\\\/AccesoLatinoOrg\",\"https:\\\/\\\/x.com\\\/FAccLatino\"]}]}<\/script>\n<!-- \/ Yoast SEO plugin. -->","yoast_head_json":{"title":"Reintegrate your children into the school system in Mexico","description":"Reintegra\u00a0a tus hijos al sistema escolar en M\u00e9xico Los mexicanos que son deportados o regresan por decisi\u00f3n propia a nuestro pa\u00eds, debe...","robots":{"index":"index","follow":"follow","max-snippet":"max-snippet:-1","max-image-preview":"max-image-preview:large","max-video-preview":"max-video-preview:-1"},"canonical":"https:\/\/accesolatino.org\/en\/reintegra-a-tus-hijos-al-sistema-escolar-en-mexico\/","og_locale":"en_US","og_type":"article","og_title":"Acceso Latino | Reintegra a tus hijos al sistema escolar en M\u00e9xico","og_description":"Conoce las aplicaciones que te pueden ser de ayuda en otros pa\u00edses.","og_url":"https:\/\/accesolatino.org\/en\/reintegra-a-tus-hijos-al-sistema-escolar-en-mexico\/","og_site_name":"Acceso Latino","article_publisher":"https:\/\/www.facebook.com\/AccesoLatinoOrg","article_modified_time":"2025-10-17T23:35:35+00:00","og_image":[{"width":600,"height":338,"url":"https:\/\/accesolatino.org\/wp-content\/uploads\/2018\/09\/Reintegra-a-tus-hijos-al-sistema-escolar-en-Mexico.jpg","type":"image\/jpeg"}],"twitter_card":"summary_large_image","twitter_title":"Acceso Latino | Reintegra a tus hijos al sistema escolar en M\u00e9xico","twitter_description":"Conoce las aplicaciones que te pueden ser de ayuda en otros pa\u00edses.","twitter_image":"https:\/\/accesolatino.org\/wp-content\/uploads\/2018\/09\/Reintegra-a-tus-hijos-al-sistema-escolar-en-Mexico.jpg","twitter_site":"@FAccLatino","twitter_misc":{"Est. reading time":"2 minutes"},"schema":{"@context":"https:\/\/schema.org","@graph":[{"@type":"WebPage","@id":"https:\/\/accesolatino.org\/en\/reintegra-a-tus-hijos-al-sistema-escolar-en-mexico\/","url":"https:\/\/accesolatino.org\/en\/reintegra-a-tus-hijos-al-sistema-escolar-en-mexico\/","name":"Reintegrate your children into the school system in Mexico","isPartOf":{"@id":"https:\/\/accesolatino.org\/#website"},"primaryImageOfPage":{"@id":"https:\/\/accesolatino.org\/en\/reintegra-a-tus-hijos-al-sistema-escolar-en-mexico\/#primaryimage"},"image":{"@id":"https:\/\/accesolatino.org\/en\/reintegra-a-tus-hijos-al-sistema-escolar-en-mexico\/#primaryimage"},"thumbnailUrl":"https:\/\/accesolatino.org\/wp-content\/uploads\/2018\/09\/Reintegra-a-tus-hijos-al-sistema-escolar-en-Mexico.jpg","datePublished":"2018-09-14T17:06:16+00:00","dateModified":"2025-10-17T23:35:35+00:00","description":"Reintegra\u00a0a tus hijos al sistema escolar en M\u00e9xico Los mexicanos que son deportados o regresan por decisi\u00f3n propia a nuestro pa\u00eds, debe...","breadcrumb":{"@id":"https:\/\/accesolatino.org\/en\/reintegra-a-tus-hijos-al-sistema-escolar-en-mexico\/#breadcrumb"},"inLanguage":"en-US","potentialAction":[{"@type":"ReadAction","target":["https:\/\/accesolatino.org\/en\/reintegra-a-tus-hijos-al-sistema-escolar-en-mexico\/"]}]},{"@type":"ImageObject","inLanguage":"en-US","@id":"https:\/\/accesolatino.org\/en\/reintegra-a-tus-hijos-al-sistema-escolar-en-mexico\/#primaryimage","url":"https:\/\/accesolatino.org\/wp-content\/uploads\/2018\/09\/Reintegra-a-tus-hijos-al-sistema-escolar-en-Mexico.jpg","contentUrl":"https:\/\/accesolatino.org\/wp-content\/uploads\/2018\/09\/Reintegra-a-tus-hijos-al-sistema-escolar-en-Mexico.jpg","width":600,"height":338,"caption":"reintegra"},{"@type":"BreadcrumbList","@id":"https:\/\/accesolatino.org\/en\/reintegra-a-tus-hijos-al-sistema-escolar-en-mexico\/#breadcrumb","itemListElement":[{"@type":"ListItem","position":1,"name":"Portada","item":"https:\/\/accesolatino.org\/"},{"@type":"ListItem","position":2,"name":"Reintegra a tus hijos al sistema escolar en M\u00e9xico"}]},{"@type":"WebSite","@id":"https:\/\/accesolatino.org\/#website","url":"https:\/\/accesolatino.org\/","name":"Acceso Latino | Fundaci\u00f3n Carlos Slim","description":"Fundaci\u00f3n Carlos Slim","publisher":{"@id":"https:\/\/accesolatino.org\/#organization"},"potentialAction":[{"@type":"SearchAction","target":{"@type":"EntryPoint","urlTemplate":"https:\/\/accesolatino.org\/?s={search_term_string}"},"query-input":{"@type":"PropertyValueSpecification","valueRequired":true,"valueName":"search_term_string"}}],"inLanguage":"en-US"},{"@type":"Organization","@id":"https:\/\/accesolatino.org\/#organization","name":"Acceso Latino | Fundaci\u00f3n Carlos Slim","url":"https:\/\/accesolatino.org\/","logo":{"@type":"ImageObject","inLanguage":"en-US","@id":"https:\/\/accesolatino.org\/#\/schema\/logo\/image\/","url":"https:\/\/accesolatino.org\/wp-content\/uploads\/2021\/02\/logo-footer-acceso-latino.png","contentUrl":"https:\/\/accesolatino.org\/wp-content\/uploads\/2021\/02\/logo-footer-acceso-latino.png","width":240,"height":40,"caption":"Acceso Latino | Fundaci\u00f3n Carlos Slim"},"image":{"@id":"https:\/\/accesolatino.org\/#\/schema\/logo\/image\/"},"sameAs":["https:\/\/www.facebook.com\/AccesoLatinoOrg","https:\/\/x.com\/FAccLatino"]}]}},"_links":{"self":[{"href":"https:\/\/accesolatino.org\/en\/wp-json\/wp\/v2\/pages\/14794","targetHints":{"allow":["GET"]}}],"collection":[{"href":"https:\/\/accesolatino.org\/en\/wp-json\/wp\/v2\/pages"}],"about":[{"href":"https:\/\/accesolatino.org\/en\/wp-json\/wp\/v2\/types\/page"}],"author":[{"embeddable":true,"href":"https:\/\/accesolatino.org\/en\/wp-json\/wp\/v2\/users\/7"}],"replies":[{"embeddable":true,"href":"https:\/\/accesolatino.org\/en\/wp-json\/wp\/v2\/comments?post=14794"}],"version-history":[{"count":1,"href":"https:\/\/accesolatino.org\/en\/wp-json\/wp\/v2\/pages\/14794\/revisions"}],"predecessor-version":[{"id":64259,"href":"https:\/\/accesolatino.org\/en\/wp-json\/wp\/v2\/pages\/14794\/revisions\/64259"}],"wp:featuredmedia":[{"embeddable":true,"href":"https:\/\/accesolatino.org\/en\/wp-json\/wp\/v2\/media\/14795"}],"wp:attachment":[{"href":"https:\/\/accesolatino.org\/en\/wp-json\/wp\/v2\/media?parent=14794"}],"curies":[{"name":"wp","href":"https:\/\/api.w.org\/{rel}","templated":true}]}}