{"id":14422,"date":"2018-08-16T09:44:31","date_gmt":"2018-08-16T14:44:31","guid":{"rendered":"https:\/\/accesolatino.org\/?page_id=14422"},"modified":"2025-10-13T13:18:32","modified_gmt":"2025-10-13T19:18:32","slug":"si-estas-de-regreso-en-mexico-conoce-el-programa-de-reintegracion-social","status":"publish","type":"page","link":"https:\/\/accesolatino.org\/en\/apoyos-sociales\/si-estas-de-regreso-en-mexico-conoce-el-programa-de-reintegracion-social\/","title":{"rendered":"Programa de reintegraci\u00f3n social"},"content":{"rendered":"<div data-elementor-type=\"wp-post\" data-elementor-id=\"14422\" class=\"elementor elementor-14422\">\n\t\t\t\t\t\t<section class=\"elementor-section elementor-top-section elementor-element elementor-element-06a7e31 elementor-section-full_width elementor-section-height-min-height elementor-section-items-stretch elementor-section-height-default wpr-particle-no wpr-jarallax-no wpr-parallax-no wpr-sticky-section-no wpr-equal-height-no\" data-id=\"06a7e31\" data-element_type=\"section\" data-e-type=\"section\" data-settings=\"{&quot;background_background&quot;:&quot;classic&quot;}\">\n\t\t\t\t\t\t<div class=\"elementor-container elementor-column-gap-no\">\n\t\t\t\t\t<div class=\"elementor-column elementor-col-100 elementor-top-column elementor-element elementor-element-6487887\" data-id=\"6487887\" data-element_type=\"column\" data-e-type=\"column\">\n\t\t\t<div class=\"elementor-widget-wrap elementor-element-populated\">\n\t\t\t\t\t\t<div class=\"elementor-element elementor-element-c1d0014 elementor--h-position-center elementor--v-position-middle elementor-widget elementor-widget-slides\" data-id=\"c1d0014\" data-element_type=\"widget\" data-e-type=\"widget\" data-settings=\"{&quot;navigation&quot;:&quot;none&quot;,&quot;infinite&quot;:&quot;yes&quot;,&quot;transition&quot;:&quot;slide&quot;,&quot;transition_speed&quot;:500}\" data-widget_type=\"slides.default\">\n\t\t\t\t<div class=\"elementor-widget-container\">\n\t\t\t\t\t\t\t<div class=\"elementor-swiper\">\n\t\t\t<div class=\"elementor-slides-wrapper elementor-main-swiper swiper-container\" dir=\"ltr\" data-animation=\"\">\n\t\t\t\t<div class=\"swiper-wrapper elementor-slides\">\n\t\t\t\t\t\t\t\t\t\t<div class=\"elementor-repeater-item-d983a28 swiper-slide\"><div class=\"swiper-slide-bg\"><\/div><div class=\"swiper-slide-inner\" ><div class=\"swiper-slide-contents\"><div class=\"elementor-slide-heading\">Social Supports<\/div><\/div><\/div><\/div>\t\t\t\t<\/div>\n\t\t\t\t\t\t\t<\/div>\n\t\t<\/div>\n\t\t\t\t\t\t<\/div>\n\t\t\t\t<\/div>\n\t\t\t\t\t<\/div>\n\t\t<\/div>\n\t\t\t\t\t<\/div>\n\t\t<\/section>\n\t\t\t\t<section class=\"elementor-section elementor-top-section elementor-element elementor-element-5c243db elementor-section-stretched elementor-section-boxed elementor-section-height-default elementor-section-height-default wpr-particle-no wpr-jarallax-no wpr-parallax-no wpr-sticky-section-no wpr-equal-height-no\" data-id=\"5c243db\" data-element_type=\"section\" data-e-type=\"section\" data-settings=\"{&quot;stretch_section&quot;:&quot;section-stretched&quot;,&quot;background_background&quot;:&quot;classic&quot;}\">\n\t\t\t\t\t\t<div class=\"elementor-container elementor-column-gap-default\">\n\t\t\t\t\t<div class=\"elementor-column elementor-col-100 elementor-top-column elementor-element elementor-element-40d3c18\" data-id=\"40d3c18\" data-element_type=\"column\" data-e-type=\"column\">\n\t\t\t<div class=\"elementor-widget-wrap elementor-element-populated\">\n\t\t\t\t\t\t<div class=\"elementor-element elementor-element-48de00a elementor-widget elementor-widget-heading\" data-id=\"48de00a\" data-element_type=\"widget\" data-e-type=\"widget\" data-widget_type=\"heading.default\">\n\t\t\t\t<div class=\"elementor-widget-container\">\n\t\t\t\t\t<h3 class=\"elementor-heading-title elementor-size-default\">If you are back in Mexico, learn about the social reintegration program.<\/h3>\t\t\t\t<\/div>\n\t\t\t\t<\/div>\n\t\t\t\t<div class=\"elementor-element elementor-element-8ae02b0 elementor-widget elementor-widget-text-editor\" data-id=\"8ae02b0\" data-element_type=\"widget\" data-e-type=\"widget\" data-widget_type=\"text-editor.default\">\n\t\t\t\t<div class=\"elementor-widget-container\">\n\t\t\t\t\t\t\t\t\t<p>Los migrantes que regresan por decisi\u00f3n propia a M\u00e9xico o que son deportados por las autoridades de Estados Unidos, se enfrentan a situaciones dif\u00edciles a su llegada a nuestro pa\u00eds, por este motivo <strong>Fundaci\u00f3n Carlos Slim<\/strong> a trav\u00e9s de su portal<strong> Acceso Latino<\/strong> ofrece una serie de herramientas al alcance de todos.<\/p><p>Buscando que en su regreso a M\u00e9xico tengan, de la manera m\u00e1s r\u00e1pida una reintegraci\u00f3n social, en nuestra secci\u00f3n de <a href=\"https:\/\/accesolatino.org\/en\/apoyos-sociales\/\">\u201cApoyos sociales\u201d<\/a> contamos con nuestra tarjeta<strong> \u201cSomos mexicanos\u201d<\/strong>.<\/p><p>Este programa del Instituto Nacional de Migraci\u00f3n, brinda a los mexicanos retornados voluntaria e involuntariamente una atenci\u00f3n integral en su reintegraci\u00f3n social.<\/p><p>Esta iniciativa ofrece distintos tipos de apoyos dependiendo de la situaci\u00f3n en que se encuentre la persona:<\/p><ul><li>Apoyo consular;<\/li><li>Recibimiento y asesoramiento de personal del Instituto Nacional de Migraci\u00f3n;<\/li><li>Servicios b\u00e1sicos de alimentaci\u00f3n y salud;<\/li><li>Documentos de identidad;<\/li><li>Traslado local y apoyo para transporte for\u00e1neo.<\/li><\/ul><p>En nuestra tarjeta de <strong>\u201cSomos mexicanos\u201d<\/strong> podr\u00e1s encontrar mayor informaci\u00f3n acerca de este programa y no olvides visitar la secci\u00f3n de <a href=\"https:\/\/accesolatino.org\/en\/buscas-empleo\/\"><strong>\u201cEmpleo\u201d<\/strong> <\/a>en donde encontrar\u00e1s bolsas de trabajo y capacitaci\u00f3n gratuita.<\/p>\t\t\t\t\t\t\t\t<\/div>\n\t\t\t\t<\/div>\n\t\t\t\t<div class=\"elementor-element elementor-element-5c3cf73 elementor-widget elementor-widget-spacer\" data-id=\"5c3cf73\" data-element_type=\"widget\" data-e-type=\"widget\" data-widget_type=\"spacer.default\">\n\t\t\t\t<div class=\"elementor-widget-container\">\n\t\t\t\t\t\t\t<div class=\"elementor-spacer\">\n\t\t\t<div class=\"elementor-spacer-inner\"><\/div>\n\t\t<\/div>\n\t\t\t\t\t\t<\/div>\n\t\t\t\t<\/div>\n\t\t\t\t\t<\/div>\n\t\t<\/div>\n\t\t\t\t\t<\/div>\n\t\t<\/section>\n\t\t\t\t<\/div>","protected":false},"excerpt":{"rendered":"<p>Apoyos Sociales Si est\u00e1s de regreso en M\u00e9xico, conoce el programa de reintegraci\u00f3n social Los migrantes que regresan por decisi\u00f3n propia a M\u00e9xico o que son deportados por las autoridades de Estados Unidos, se enfrentan a situaciones dif\u00edciles a su llegada a nuestro pa\u00eds, por este motivo Fundaci\u00f3n Carlos Slim a trav\u00e9s de su portal Acceso Latino ofrece una serie de herramientas al alcance de todos. Buscando que en su regreso a M\u00e9xico tengan, de la manera m\u00e1s r\u00e1pida una reintegraci\u00f3n social, en nuestra secci\u00f3n de \u201cApoyos sociales\u201d contamos con nuestra tarjeta \u201cSomos mexicanos\u201d. Este programa del Instituto Nacional de Migraci\u00f3n, brinda a los mexicanos retornados voluntaria e involuntariamente una atenci\u00f3n integral en su reintegraci\u00f3n social. Esta iniciativa ofrece distintos tipos de apoyos dependiendo de la situaci\u00f3n en que se encuentre la persona: Apoyo consular; Recibimiento y asesoramiento de personal del Instituto Nacional de Migraci\u00f3n; Servicios b\u00e1sicos de alimentaci\u00f3n y salud; Documentos de identidad; Traslado local y apoyo para transporte for\u00e1neo. En nuestra tarjeta de \u201cSomos mexicanos\u201d podr\u00e1s encontrar mayor informaci\u00f3n acerca de este programa y no olvides visitar la secci\u00f3n de \u201cEmpleo\u201d en donde encontrar\u00e1s bolsas de trabajo y capacitaci\u00f3n gratuita.<\/p>","protected":false},"author":6,"featured_media":14423,"parent":1435,"menu_order":0,"comment_status":"closed","ping_status":"closed","template":"elementor_header_footer","meta":{"_uf_show_specific_survey":0,"_uf_disable_surveys":false,"footnotes":""},"class_list":["post-14422","page","type-page","status-publish","has-post-thumbnail"],"aioseo_notices":[],"yoast_head":"<!-- This site is optimized with the Yoast SEO plugin v27.5 - https:\/\/yoast.com\/product\/yoast-seo-wordpress\/ -->\n<title>Programa de reintegraci\u00f3n social<\/title>\n<meta name=\"description\" content=\"Conoce las diferentes formas en las que los migrantes se pueden ver beneficiados en Estados Unidos - Acceso Latino\" \/>\n<meta name=\"robots\" content=\"index, follow, max-snippet:-1, max-image-preview:large, max-video-preview:-1\" \/>\n<link rel=\"canonical\" href=\"https:\/\/accesolatino.org\/en\/apoyos-sociales\/si-estas-de-regreso-en-mexico-conoce-el-programa-de-reintegracion-social\/\" \/>\n<meta property=\"og:locale\" content=\"en_US\" \/>\n<meta property=\"og:type\" content=\"article\" \/>\n<meta property=\"og:title\" content=\"Acceso Latino | Programa de reintegraci\u00f3n social\" \/>\n<meta property=\"og:description\" content=\"Conoce las diferentes formas en las que los migrantes se pueden ver beneficiados en USA\" \/>\n<meta property=\"og:url\" content=\"https:\/\/accesolatino.org\/en\/apoyos-sociales\/si-estas-de-regreso-en-mexico-conoce-el-programa-de-reintegracion-social\/\" \/>\n<meta property=\"og:site_name\" content=\"Acceso Latino\" \/>\n<meta property=\"article:publisher\" content=\"https:\/\/www.facebook.com\/AccesoLatinoOrg\" \/>\n<meta property=\"article:modified_time\" content=\"2025-10-13T19:18:32+00:00\" \/>\n<meta property=\"og:image\" content=\"https:\/\/accesolatino.org\/wp-content\/uploads\/2018\/08\/Si-estas-de-regreso-en-Mexico-conoce-el-programa-de-reintegracion-social.jpg\" \/>\n\t<meta property=\"og:image:width\" content=\"600\" \/>\n\t<meta property=\"og:image:height\" content=\"338\" \/>\n\t<meta property=\"og:image:type\" content=\"image\/jpeg\" \/>\n<meta name=\"twitter:card\" content=\"summary_large_image\" \/>\n<meta name=\"twitter:title\" content=\"Acceso Latino | Programa de reintegraci\u00f3n social\" \/>\n<meta name=\"twitter:description\" content=\"Conoce las diferentes formas en las que los migrantes se pueden ver beneficiados en USA\" \/>\n<meta name=\"twitter:image\" content=\"https:\/\/accesolatino.org\/wp-content\/uploads\/2018\/08\/Si-estas-de-regreso-en-Mexico-conoce-el-programa-de-reintegracion-social.jpg\" \/>\n<meta name=\"twitter:site\" content=\"@FAccLatino\" \/>\n<meta name=\"twitter:label1\" content=\"Est. reading time\" \/>\n\t<meta name=\"twitter:data1\" content=\"2 minutes\" \/>\n<script type=\"application\/ld+json\" class=\"yoast-schema-graph\">{\"@context\":\"https:\\\/\\\/schema.org\",\"@graph\":[{\"@type\":\"WebPage\",\"@id\":\"https:\\\/\\\/accesolatino.org\\\/en\\\/apoyos-sociales\\\/si-estas-de-regreso-en-mexico-conoce-el-programa-de-reintegracion-social\\\/\",\"url\":\"https:\\\/\\\/accesolatino.org\\\/en\\\/apoyos-sociales\\\/si-estas-de-regreso-en-mexico-conoce-el-programa-de-reintegracion-social\\\/\",\"name\":\"Programa de reintegraci\u00f3n social\",\"isPartOf\":{\"@id\":\"https:\\\/\\\/accesolatino.org\\\/#website\"},\"primaryImageOfPage\":{\"@id\":\"https:\\\/\\\/accesolatino.org\\\/en\\\/apoyos-sociales\\\/si-estas-de-regreso-en-mexico-conoce-el-programa-de-reintegracion-social\\\/#primaryimage\"},\"image\":{\"@id\":\"https:\\\/\\\/accesolatino.org\\\/en\\\/apoyos-sociales\\\/si-estas-de-regreso-en-mexico-conoce-el-programa-de-reintegracion-social\\\/#primaryimage\"},\"thumbnailUrl\":\"https:\\\/\\\/accesolatino.org\\\/wp-content\\\/uploads\\\/2018\\\/08\\\/Si-estas-de-regreso-en-Mexico-conoce-el-programa-de-reintegracion-social.jpg\",\"datePublished\":\"2018-08-16T14:44:31+00:00\",\"dateModified\":\"2025-10-13T19:18:32+00:00\",\"description\":\"Conoce las diferentes formas en las que los migrantes se pueden ver beneficiados en Estados Unidos - Acceso Latino\",\"breadcrumb\":{\"@id\":\"https:\\\/\\\/accesolatino.org\\\/en\\\/apoyos-sociales\\\/si-estas-de-regreso-en-mexico-conoce-el-programa-de-reintegracion-social\\\/#breadcrumb\"},\"inLanguage\":\"en-US\",\"potentialAction\":[{\"@type\":\"ReadAction\",\"target\":[\"https:\\\/\\\/accesolatino.org\\\/en\\\/apoyos-sociales\\\/si-estas-de-regreso-en-mexico-conoce-el-programa-de-reintegracion-social\\\/\"]}]},{\"@type\":\"ImageObject\",\"inLanguage\":\"en-US\",\"@id\":\"https:\\\/\\\/accesolatino.org\\\/en\\\/apoyos-sociales\\\/si-estas-de-regreso-en-mexico-conoce-el-programa-de-reintegracion-social\\\/#primaryimage\",\"url\":\"https:\\\/\\\/accesolatino.org\\\/wp-content\\\/uploads\\\/2018\\\/08\\\/Si-estas-de-regreso-en-Mexico-conoce-el-programa-de-reintegracion-social.jpg\",\"contentUrl\":\"https:\\\/\\\/accesolatino.org\\\/wp-content\\\/uploads\\\/2018\\\/08\\\/Si-estas-de-regreso-en-Mexico-conoce-el-programa-de-reintegracion-social.jpg\",\"width\":600,\"height\":338,\"caption\":\"Programa de reintegraci\u00f3n social\"},{\"@type\":\"BreadcrumbList\",\"@id\":\"https:\\\/\\\/accesolatino.org\\\/en\\\/apoyos-sociales\\\/si-estas-de-regreso-en-mexico-conoce-el-programa-de-reintegracion-social\\\/#breadcrumb\",\"itemListElement\":[{\"@type\":\"ListItem\",\"position\":1,\"name\":\"Portada\",\"item\":\"https:\\\/\\\/accesolatino.org\\\/\"},{\"@type\":\"ListItem\",\"position\":2,\"name\":\"Apoyos Sociales\",\"item\":\"https:\\\/\\\/accesolatino.org\\\/en\\\/apoyos-sociales\\\/\"},{\"@type\":\"ListItem\",\"position\":3,\"name\":\"Programa de reintegraci\u00f3n social\"}]},{\"@type\":\"WebSite\",\"@id\":\"https:\\\/\\\/accesolatino.org\\\/#website\",\"url\":\"https:\\\/\\\/accesolatino.org\\\/\",\"name\":\"Acceso Latino | Fundaci\u00f3n Carlos Slim\",\"description\":\"Fundaci\u00f3n Carlos Slim\",\"publisher\":{\"@id\":\"https:\\\/\\\/accesolatino.org\\\/#organization\"},\"potentialAction\":[{\"@type\":\"SearchAction\",\"target\":{\"@type\":\"EntryPoint\",\"urlTemplate\":\"https:\\\/\\\/accesolatino.org\\\/?s={search_term_string}\"},\"query-input\":{\"@type\":\"PropertyValueSpecification\",\"valueRequired\":true,\"valueName\":\"search_term_string\"}}],\"inLanguage\":\"en-US\"},{\"@type\":\"Organization\",\"@id\":\"https:\\\/\\\/accesolatino.org\\\/#organization\",\"name\":\"Acceso Latino | Fundaci\u00f3n Carlos Slim\",\"url\":\"https:\\\/\\\/accesolatino.org\\\/\",\"logo\":{\"@type\":\"ImageObject\",\"inLanguage\":\"en-US\",\"@id\":\"https:\\\/\\\/accesolatino.org\\\/#\\\/schema\\\/logo\\\/image\\\/\",\"url\":\"https:\\\/\\\/accesolatino.org\\\/wp-content\\\/uploads\\\/2021\\\/02\\\/logo-footer-acceso-latino.png\",\"contentUrl\":\"https:\\\/\\\/accesolatino.org\\\/wp-content\\\/uploads\\\/2021\\\/02\\\/logo-footer-acceso-latino.png\",\"width\":240,\"height\":40,\"caption\":\"Acceso Latino | Fundaci\u00f3n Carlos Slim\"},\"image\":{\"@id\":\"https:\\\/\\\/accesolatino.org\\\/#\\\/schema\\\/logo\\\/image\\\/\"},\"sameAs\":[\"https:\\\/\\\/www.facebook.com\\\/AccesoLatinoOrg\",\"https:\\\/\\\/x.com\\\/FAccLatino\"]}]}<\/script>\n<!-- \/ Yoast SEO plugin. -->","yoast_head_json":{"title":"Programa de reintegraci\u00f3n social","description":"Conoce las diferentes formas en las que los migrantes se pueden ver beneficiados en Estados Unidos - Acceso Latino","robots":{"index":"index","follow":"follow","max-snippet":"max-snippet:-1","max-image-preview":"max-image-preview:large","max-video-preview":"max-video-preview:-1"},"canonical":"https:\/\/accesolatino.org\/en\/apoyos-sociales\/si-estas-de-regreso-en-mexico-conoce-el-programa-de-reintegracion-social\/","og_locale":"en_US","og_type":"article","og_title":"Acceso Latino | Programa de reintegraci\u00f3n social","og_description":"Conoce las diferentes formas en las que los migrantes se pueden ver beneficiados en USA","og_url":"https:\/\/accesolatino.org\/en\/apoyos-sociales\/si-estas-de-regreso-en-mexico-conoce-el-programa-de-reintegracion-social\/","og_site_name":"Acceso Latino","article_publisher":"https:\/\/www.facebook.com\/AccesoLatinoOrg","article_modified_time":"2025-10-13T19:18:32+00:00","og_image":[{"width":600,"height":338,"url":"https:\/\/accesolatino.org\/wp-content\/uploads\/2018\/08\/Si-estas-de-regreso-en-Mexico-conoce-el-programa-de-reintegracion-social.jpg","type":"image\/jpeg"}],"twitter_card":"summary_large_image","twitter_title":"Acceso Latino | Programa de reintegraci\u00f3n social","twitter_description":"Conoce las diferentes formas en las que los migrantes se pueden ver beneficiados en USA","twitter_image":"https:\/\/accesolatino.org\/wp-content\/uploads\/2018\/08\/Si-estas-de-regreso-en-Mexico-conoce-el-programa-de-reintegracion-social.jpg","twitter_site":"@FAccLatino","twitter_misc":{"Est. reading time":"2 minutes"},"schema":{"@context":"https:\/\/schema.org","@graph":[{"@type":"WebPage","@id":"https:\/\/accesolatino.org\/en\/apoyos-sociales\/si-estas-de-regreso-en-mexico-conoce-el-programa-de-reintegracion-social\/","url":"https:\/\/accesolatino.org\/en\/apoyos-sociales\/si-estas-de-regreso-en-mexico-conoce-el-programa-de-reintegracion-social\/","name":"Programa de reintegraci\u00f3n social","isPartOf":{"@id":"https:\/\/accesolatino.org\/#website"},"primaryImageOfPage":{"@id":"https:\/\/accesolatino.org\/en\/apoyos-sociales\/si-estas-de-regreso-en-mexico-conoce-el-programa-de-reintegracion-social\/#primaryimage"},"image":{"@id":"https:\/\/accesolatino.org\/en\/apoyos-sociales\/si-estas-de-regreso-en-mexico-conoce-el-programa-de-reintegracion-social\/#primaryimage"},"thumbnailUrl":"https:\/\/accesolatino.org\/wp-content\/uploads\/2018\/08\/Si-estas-de-regreso-en-Mexico-conoce-el-programa-de-reintegracion-social.jpg","datePublished":"2018-08-16T14:44:31+00:00","dateModified":"2025-10-13T19:18:32+00:00","description":"Conoce las diferentes formas en las que los migrantes se pueden ver beneficiados en Estados Unidos - Acceso Latino","breadcrumb":{"@id":"https:\/\/accesolatino.org\/en\/apoyos-sociales\/si-estas-de-regreso-en-mexico-conoce-el-programa-de-reintegracion-social\/#breadcrumb"},"inLanguage":"en-US","potentialAction":[{"@type":"ReadAction","target":["https:\/\/accesolatino.org\/en\/apoyos-sociales\/si-estas-de-regreso-en-mexico-conoce-el-programa-de-reintegracion-social\/"]}]},{"@type":"ImageObject","inLanguage":"en-US","@id":"https:\/\/accesolatino.org\/en\/apoyos-sociales\/si-estas-de-regreso-en-mexico-conoce-el-programa-de-reintegracion-social\/#primaryimage","url":"https:\/\/accesolatino.org\/wp-content\/uploads\/2018\/08\/Si-estas-de-regreso-en-Mexico-conoce-el-programa-de-reintegracion-social.jpg","contentUrl":"https:\/\/accesolatino.org\/wp-content\/uploads\/2018\/08\/Si-estas-de-regreso-en-Mexico-conoce-el-programa-de-reintegracion-social.jpg","width":600,"height":338,"caption":"Programa de reintegraci\u00f3n social"},{"@type":"BreadcrumbList","@id":"https:\/\/accesolatino.org\/en\/apoyos-sociales\/si-estas-de-regreso-en-mexico-conoce-el-programa-de-reintegracion-social\/#breadcrumb","itemListElement":[{"@type":"ListItem","position":1,"name":"Portada","item":"https:\/\/accesolatino.org\/"},{"@type":"ListItem","position":2,"name":"Apoyos Sociales","item":"https:\/\/accesolatino.org\/en\/apoyos-sociales\/"},{"@type":"ListItem","position":3,"name":"Programa de reintegraci\u00f3n social"}]},{"@type":"WebSite","@id":"https:\/\/accesolatino.org\/#website","url":"https:\/\/accesolatino.org\/","name":"Acceso Latino | Fundaci\u00f3n Carlos Slim","description":"Fundaci\u00f3n Carlos Slim","publisher":{"@id":"https:\/\/accesolatino.org\/#organization"},"potentialAction":[{"@type":"SearchAction","target":{"@type":"EntryPoint","urlTemplate":"https:\/\/accesolatino.org\/?s={search_term_string}"},"query-input":{"@type":"PropertyValueSpecification","valueRequired":true,"valueName":"search_term_string"}}],"inLanguage":"en-US"},{"@type":"Organization","@id":"https:\/\/accesolatino.org\/#organization","name":"Acceso Latino | Fundaci\u00f3n Carlos Slim","url":"https:\/\/accesolatino.org\/","logo":{"@type":"ImageObject","inLanguage":"en-US","@id":"https:\/\/accesolatino.org\/#\/schema\/logo\/image\/","url":"https:\/\/accesolatino.org\/wp-content\/uploads\/2021\/02\/logo-footer-acceso-latino.png","contentUrl":"https:\/\/accesolatino.org\/wp-content\/uploads\/2021\/02\/logo-footer-acceso-latino.png","width":240,"height":40,"caption":"Acceso Latino | Fundaci\u00f3n Carlos Slim"},"image":{"@id":"https:\/\/accesolatino.org\/#\/schema\/logo\/image\/"},"sameAs":["https:\/\/www.facebook.com\/AccesoLatinoOrg","https:\/\/x.com\/FAccLatino"]}]}},"_links":{"self":[{"href":"https:\/\/accesolatino.org\/en\/wp-json\/wp\/v2\/pages\/14422","targetHints":{"allow":["GET"]}}],"collection":[{"href":"https:\/\/accesolatino.org\/en\/wp-json\/wp\/v2\/pages"}],"about":[{"href":"https:\/\/accesolatino.org\/en\/wp-json\/wp\/v2\/types\/page"}],"author":[{"embeddable":true,"href":"https:\/\/accesolatino.org\/en\/wp-json\/wp\/v2\/users\/6"}],"replies":[{"embeddable":true,"href":"https:\/\/accesolatino.org\/en\/wp-json\/wp\/v2\/comments?post=14422"}],"version-history":[{"count":1,"href":"https:\/\/accesolatino.org\/en\/wp-json\/wp\/v2\/pages\/14422\/revisions"}],"predecessor-version":[{"id":63942,"href":"https:\/\/accesolatino.org\/en\/wp-json\/wp\/v2\/pages\/14422\/revisions\/63942"}],"up":[{"embeddable":true,"href":"https:\/\/accesolatino.org\/en\/wp-json\/wp\/v2\/pages\/1435"}],"wp:featuredmedia":[{"embeddable":true,"href":"https:\/\/accesolatino.org\/en\/wp-json\/wp\/v2\/media\/14423"}],"wp:attachment":[{"href":"https:\/\/accesolatino.org\/en\/wp-json\/wp\/v2\/media?parent=14422"}],"curies":[{"name":"wp","href":"https:\/\/api.w.org\/{rel}","templated":true}]}}